{"id":30,"date":"2019-03-25T13:16:41","date_gmt":"2019-03-25T13:16:41","guid":{"rendered":"http:\/\/avondmuziekuithuizermeeden.nl\/?page_id=30"},"modified":"2026-04-08T06:55:33","modified_gmt":"2026-04-08T06:55:33","slug":"nieuws","status":"publish","type":"page","link":"https:\/\/avondmuziekuithuizermeeden.nl\/?page_id=30","title":{"rendered":"Eerdere concerten"},"content":{"rendered":"\n<p>Concert 318, 6 april 2026<\/p>\n\n\n\n<p>Kamerkoor Tira\u00f1a o.l.v. Tymen Jan Bronda verzorgde een programma met als thema &#8216;passie voor Pasen&#8217;. Medewerking werd verleend door een barokorkest en door William Knight (tenor) en David Greco (bas). Er werden koorwerken uitgevoerd van Byrd, Sch\u00fctz, Lotti, J.L. Bach en J.S. Bach. Ruim 100 bezoekers waren afgekomen op dit concert op tweede paasdag in de Mariakerk.    <\/p>\n\n\n<div class=\"wp-block-image\">\n<figure class=\"aligncenter size-large is-resized\"><img loading=\"lazy\" decoding=\"async\" width=\"1024\" height=\"768\" src=\"https:\/\/avondmuziekuithuizermeeden.nl\/wp-content\/uploads\/2026\/04\/concert-Tirana-1024x768.jpg\" alt=\"\" class=\"wp-image-1033\" style=\"width:532px;height:auto\" srcset=\"https:\/\/avondmuziekuithuizermeeden.nl\/wp-content\/uploads\/2026\/04\/concert-Tirana-1024x768.jpg 1024w, https:\/\/avondmuziekuithuizermeeden.nl\/wp-content\/uploads\/2026\/04\/concert-Tirana-300x225.jpg 300w, https:\/\/avondmuziekuithuizermeeden.nl\/wp-content\/uploads\/2026\/04\/concert-Tirana-768x576.jpg 768w, https:\/\/avondmuziekuithuizermeeden.nl\/wp-content\/uploads\/2026\/04\/concert-Tirana-1536x1152.jpg 1536w, https:\/\/avondmuziekuithuizermeeden.nl\/wp-content\/uploads\/2026\/04\/concert-Tirana-1x1.jpg 1w, https:\/\/avondmuziekuithuizermeeden.nl\/wp-content\/uploads\/2026\/04\/concert-Tirana.jpg 1600w\" sizes=\"auto, (max-width: 1024px) 100vw, 1024px\" \/><\/figure>\n<\/div>\n\n\n<p>Concert 317, 12 december 2025<\/p>\n\n\n\n<p>Het koor Choral Voices, onder leiding van dirigent Daniel Rouwkema en met begeleiding van organist Christiaan de Vries, voerde een <em>Festival of Lessons and Carols<\/em> uit in Het Anker. <\/p>\n\n\n<div class=\"wp-block-image\">\n<figure class=\"aligncenter size-large is-resized\"><img loading=\"lazy\" decoding=\"async\" width=\"1024\" height=\"768\" src=\"https:\/\/avondmuziekuithuizermeeden.nl\/wp-content\/uploads\/2025\/12\/foto-Choral-Voices-1024x768.jpg\" alt=\"\" class=\"wp-image-1001\" style=\"width:540px;height:auto\" srcset=\"https:\/\/avondmuziekuithuizermeeden.nl\/wp-content\/uploads\/2025\/12\/foto-Choral-Voices-1024x768.jpg 1024w, https:\/\/avondmuziekuithuizermeeden.nl\/wp-content\/uploads\/2025\/12\/foto-Choral-Voices-300x225.jpg 300w, https:\/\/avondmuziekuithuizermeeden.nl\/wp-content\/uploads\/2025\/12\/foto-Choral-Voices-768x576.jpg 768w, https:\/\/avondmuziekuithuizermeeden.nl\/wp-content\/uploads\/2025\/12\/foto-Choral-Voices-1536x1152.jpg 1536w, https:\/\/avondmuziekuithuizermeeden.nl\/wp-content\/uploads\/2025\/12\/foto-Choral-Voices-1x1.jpg 1w, https:\/\/avondmuziekuithuizermeeden.nl\/wp-content\/uploads\/2025\/12\/foto-Choral-Voices.jpg 1920w\" sizes=\"auto, (max-width: 1024px) 100vw, 1024px\" \/><\/figure>\n<\/div>\n\n\n<p>Concert 316, 21 november 2025<\/p>\n\n\n\n<p>Minne Veldman gaf een orgelconcert met samenzang in De Wijngaard ter gelegenheid van de bevestiging van de nieuwe luiken aan het Mense Ruiter-orgel. De gezongen liederen waren uitgekozen bij het thema Eeuwigheidszondag. <\/p>\n\n\n\n<p>Concert 315, 4 oktober 2025<\/p>\n\n\n\n<p>Maarten Wilmink gaf een orgelconcert met werken van Buxtehude, Couperin, Mendelssohn, Dupr\u00e9 en Bach. <\/p>\n\n\n<div class=\"wp-block-image\">\n<figure class=\"aligncenter size-large is-resized\"><img loading=\"lazy\" decoding=\"async\" width=\"768\" height=\"1024\" src=\"https:\/\/avondmuziekuithuizermeeden.nl\/wp-content\/uploads\/2025\/10\/IMG_6264-768x1024.jpg\" alt=\"\" class=\"wp-image-977\" style=\"width:251px;height:auto\" srcset=\"https:\/\/avondmuziekuithuizermeeden.nl\/wp-content\/uploads\/2025\/10\/IMG_6264-768x1024.jpg 768w, https:\/\/avondmuziekuithuizermeeden.nl\/wp-content\/uploads\/2025\/10\/IMG_6264-225x300.jpg 225w, https:\/\/avondmuziekuithuizermeeden.nl\/wp-content\/uploads\/2025\/10\/IMG_6264-1152x1536.jpg 1152w, https:\/\/avondmuziekuithuizermeeden.nl\/wp-content\/uploads\/2025\/10\/IMG_6264-1x1.jpg 1w, https:\/\/avondmuziekuithuizermeeden.nl\/wp-content\/uploads\/2025\/10\/IMG_6264-rotated.jpg 1512w\" sizes=\"auto, (max-width: 768px) 100vw, 768px\" \/><\/figure>\n<\/div>\n\n\n<p>Concert 314, 2 augustus 2025<\/p>\n\n\n\n<p>M\u00e1rton L\u00e9n\u00e0rt orgel, Meistermuziekuur<\/p>\n\n\n\n<p>Concert 313, 21 april 2025<\/p>\n\n\n\n<p>De Dutch Choral Singers o.l.v. Henk de Vries brachten een programma met Royal Music: muziek gezongen en gespeeld bij koninklijke bruiloften en begrafenissen in Engeland. Het koor werd begeleid door Eeuwe Zijlstra. Eeuwe speelde ook enkele solo&#8217;s op het Mense Ruiter-orgel in Het Anker.<\/p>\n\n\n<div class=\"wp-block-image\">\n<figure class=\"aligncenter size-large is-resized\"><img loading=\"lazy\" decoding=\"async\" width=\"1024\" height=\"485\" src=\"https:\/\/avondmuziekuithuizermeeden.nl\/wp-content\/uploads\/2025\/04\/IMG-20250422-WA0001-1024x485.jpg\" alt=\"\" class=\"wp-image-945\" style=\"width:558px;height:auto\" srcset=\"https:\/\/avondmuziekuithuizermeeden.nl\/wp-content\/uploads\/2025\/04\/IMG-20250422-WA0001-1024x485.jpg 1024w, https:\/\/avondmuziekuithuizermeeden.nl\/wp-content\/uploads\/2025\/04\/IMG-20250422-WA0001-300x142.jpg 300w, https:\/\/avondmuziekuithuizermeeden.nl\/wp-content\/uploads\/2025\/04\/IMG-20250422-WA0001-768x363.jpg 768w, https:\/\/avondmuziekuithuizermeeden.nl\/wp-content\/uploads\/2025\/04\/IMG-20250422-WA0001-1536x727.jpg 1536w, https:\/\/avondmuziekuithuizermeeden.nl\/wp-content\/uploads\/2025\/04\/IMG-20250422-WA0001-1x1.jpg 1w, https:\/\/avondmuziekuithuizermeeden.nl\/wp-content\/uploads\/2025\/04\/IMG-20250422-WA0001.jpg 2016w\" sizes=\"auto, (max-width: 1024px) 100vw, 1024px\" \/><\/figure>\n<\/div>\n\n\n<p><\/p>\n\n\n\n<p>Concert 312, 13 december 2024<\/p>\n\n\n\n<p>Het Roder Jongenskoor o.l.v. Jaap de Kok, met begeleiding van Jochem Schuurman op het orgel, zong bekende en onbekende kerstliederen in Het Anker. Een kleine 200 bezoekers genoten van het traditionele <em>Festival of Lessons and Carols<\/em>.<\/p>\n\n\n<div class=\"wp-block-image\">\n<figure class=\"aligncenter size-large is-resized\"><img loading=\"lazy\" decoding=\"async\" width=\"768\" height=\"1024\" src=\"https:\/\/avondmuziekuithuizermeeden.nl\/wp-content\/uploads\/2024\/12\/foto-RJK-5-768x1024.jpg\" alt=\"\" class=\"wp-image-868\" style=\"width:339px;height:auto\" srcset=\"https:\/\/avondmuziekuithuizermeeden.nl\/wp-content\/uploads\/2024\/12\/foto-RJK-5-768x1024.jpg 768w, https:\/\/avondmuziekuithuizermeeden.nl\/wp-content\/uploads\/2024\/12\/foto-RJK-5-225x300.jpg 225w, https:\/\/avondmuziekuithuizermeeden.nl\/wp-content\/uploads\/2024\/12\/foto-RJK-5-1152x1536.jpg 1152w, https:\/\/avondmuziekuithuizermeeden.nl\/wp-content\/uploads\/2024\/12\/foto-RJK-5-1x1.jpg 1w, https:\/\/avondmuziekuithuizermeeden.nl\/wp-content\/uploads\/2024\/12\/foto-RJK-5.jpg 1200w\" sizes=\"auto, (max-width: 768px) 100vw, 768px\" \/><\/figure>\n<\/div>\n\n\n<p>Concert 311, 28 september 2024<\/p>\n\n\n\n<p>Kees Steketee speelde een programma met het thema &#8216;Vooral Bach&#8217;. Er klonk dus veel Bach, op het grote orgel van Hinsz, maar ook op het koororgel van Streichert. Bach zoals het meestal uitgevoerd wordt. Maar ook Bach met een knipoog: bewerkt en verjazzt. Daarnaast klonken nog composities van enkele andere componisten. Kees eindigde het concert met een fraaie improvisatie over de melodie van psalm 8.  <\/p>\n\n\n<div class=\"wp-block-image\">\n<figure class=\"aligncenter size-large is-resized\"><img loading=\"lazy\" decoding=\"async\" width=\"1024\" height=\"768\" src=\"https:\/\/avondmuziekuithuizermeeden.nl\/wp-content\/uploads\/2024\/09\/20240928_212027-1024x768.jpg\" alt=\"\" class=\"wp-image-841\" style=\"width:362px;height:auto\" srcset=\"https:\/\/avondmuziekuithuizermeeden.nl\/wp-content\/uploads\/2024\/09\/20240928_212027-1024x768.jpg 1024w, https:\/\/avondmuziekuithuizermeeden.nl\/wp-content\/uploads\/2024\/09\/20240928_212027-300x225.jpg 300w, https:\/\/avondmuziekuithuizermeeden.nl\/wp-content\/uploads\/2024\/09\/20240928_212027-768x576.jpg 768w, https:\/\/avondmuziekuithuizermeeden.nl\/wp-content\/uploads\/2024\/09\/20240928_212027-1536x1152.jpg 1536w, https:\/\/avondmuziekuithuizermeeden.nl\/wp-content\/uploads\/2024\/09\/20240928_212027-2048x1536.jpg 2048w, https:\/\/avondmuziekuithuizermeeden.nl\/wp-content\/uploads\/2024\/09\/20240928_212027-1x1.jpg 1w\" sizes=\"auto, (max-width: 1024px) 100vw, 1024px\" \/><\/figure>\n<\/div>\n\n\n<p>Concert 310, 17 augustus 2024<\/p>\n\n\n\n<p>Wietse Ouwejan orgel, Meistermuziekuur<\/p>\n\n\n\n<p>Concert 309, 1 april 2024<\/p>\n\n\n\n<p>Het Agricola Consort onder leiding van dirigent Jaap de Kok verzorgde een concert met stukken voor de tijd rond Pasen. De geschoolde zangers werden begeleid door het barok ensemble The Northern Consort.  Organist Jochem Schuurman bespeelde het Hinsz-orgel. Ruim 100 bezoekers genoten van dit concert. <\/p>\n\n\n\n<div class=\"wp-block-columns is-layout-flex wp-container-core-columns-is-layout-9d6595d7 wp-block-columns-is-layout-flex\">\n<div class=\"wp-block-column is-layout-flow wp-block-column-is-layout-flow\">\n<figure class=\"wp-block-image size-large\"><img loading=\"lazy\" decoding=\"async\" width=\"1024\" height=\"768\" src=\"https:\/\/avondmuziekuithuizermeeden.nl\/wp-content\/uploads\/2024\/04\/IMG-20240402-WA0005-1024x768.jpg\" alt=\"\" class=\"wp-image-805\" srcset=\"https:\/\/avondmuziekuithuizermeeden.nl\/wp-content\/uploads\/2024\/04\/IMG-20240402-WA0005-1024x768.jpg 1024w, https:\/\/avondmuziekuithuizermeeden.nl\/wp-content\/uploads\/2024\/04\/IMG-20240402-WA0005-300x225.jpg 300w, https:\/\/avondmuziekuithuizermeeden.nl\/wp-content\/uploads\/2024\/04\/IMG-20240402-WA0005-768x576.jpg 768w, https:\/\/avondmuziekuithuizermeeden.nl\/wp-content\/uploads\/2024\/04\/IMG-20240402-WA0005-1536x1152.jpg 1536w, https:\/\/avondmuziekuithuizermeeden.nl\/wp-content\/uploads\/2024\/04\/IMG-20240402-WA0005-1x1.jpg 1w, https:\/\/avondmuziekuithuizermeeden.nl\/wp-content\/uploads\/2024\/04\/IMG-20240402-WA0005.jpg 1600w\" sizes=\"auto, (max-width: 1024px) 100vw, 1024px\" \/><\/figure>\n<\/div>\n\n\n\n<div class=\"wp-block-column is-layout-flow wp-block-column-is-layout-flow\">\n<figure class=\"wp-block-image size-large\"><img loading=\"lazy\" decoding=\"async\" width=\"1024\" height=\"769\" src=\"https:\/\/avondmuziekuithuizermeeden.nl\/wp-content\/uploads\/2024\/04\/IMG-20240402-WA0009-1024x769.jpg\" alt=\"\" class=\"wp-image-806\" srcset=\"https:\/\/avondmuziekuithuizermeeden.nl\/wp-content\/uploads\/2024\/04\/IMG-20240402-WA0009-1024x769.jpg 1024w, https:\/\/avondmuziekuithuizermeeden.nl\/wp-content\/uploads\/2024\/04\/IMG-20240402-WA0009-300x225.jpg 300w, https:\/\/avondmuziekuithuizermeeden.nl\/wp-content\/uploads\/2024\/04\/IMG-20240402-WA0009-768x576.jpg 768w, https:\/\/avondmuziekuithuizermeeden.nl\/wp-content\/uploads\/2024\/04\/IMG-20240402-WA0009-1536x1153.jpg 1536w, https:\/\/avondmuziekuithuizermeeden.nl\/wp-content\/uploads\/2024\/04\/IMG-20240402-WA0009-1x1.jpg 1w, https:\/\/avondmuziekuithuizermeeden.nl\/wp-content\/uploads\/2024\/04\/IMG-20240402-WA0009.jpg 2048w\" sizes=\"auto, (max-width: 1024px) 100vw, 1024px\" \/><\/figure>\n<\/div>\n<\/div>\n\n\n\n<p>Concert 308, 9 december 2023<\/p>\n\n\n\n<p>Onder leiding van <em>Director of Music<\/em> Sonja de Vries voerden de Roden Girl Choristers <em>A Festival of Lessons and Carols<\/em> uit in Het Anker. Organist was Sietze de Vries en lector Nicky Blikker.<\/p>\n\n\n<div class=\"wp-block-image\">\n<figure class=\"aligncenter size-large is-resized\"><img loading=\"lazy\" decoding=\"async\" width=\"1024\" height=\"768\" src=\"https:\/\/avondmuziekuithuizermeeden.nl\/wp-content\/uploads\/2023\/12\/IMG_4177-1-1024x768.jpg\" alt=\"\" class=\"wp-image-763\" style=\"width:463px;height:auto\" srcset=\"https:\/\/avondmuziekuithuizermeeden.nl\/wp-content\/uploads\/2023\/12\/IMG_4177-1-1024x768.jpg 1024w, https:\/\/avondmuziekuithuizermeeden.nl\/wp-content\/uploads\/2023\/12\/IMG_4177-1-300x225.jpg 300w, https:\/\/avondmuziekuithuizermeeden.nl\/wp-content\/uploads\/2023\/12\/IMG_4177-1-768x576.jpg 768w, https:\/\/avondmuziekuithuizermeeden.nl\/wp-content\/uploads\/2023\/12\/IMG_4177-1-1536x1152.jpg 1536w, https:\/\/avondmuziekuithuizermeeden.nl\/wp-content\/uploads\/2023\/12\/IMG_4177-1-1x1.jpg 1w, https:\/\/avondmuziekuithuizermeeden.nl\/wp-content\/uploads\/2023\/12\/IMG_4177-1.jpg 2016w\" sizes=\"auto, (max-width: 1024px) 100vw, 1024px\" \/><\/figure>\n<\/div>\n\n\n<div class=\"wp-block-columns is-layout-flex wp-container-core-columns-is-layout-9d6595d7 wp-block-columns-is-layout-flex\">\n<div class=\"wp-block-column is-layout-flow wp-block-column-is-layout-flow\"><div class=\"wp-block-image\">\n<figure class=\"aligncenter size-large is-resized\"><img loading=\"lazy\" decoding=\"async\" width=\"768\" height=\"1024\" src=\"https:\/\/avondmuziekuithuizermeeden.nl\/wp-content\/uploads\/2023\/12\/IMG_4175-4-768x1024.jpg\" alt=\"\" class=\"wp-image-762\" style=\"width:387px;height:auto\" srcset=\"https:\/\/avondmuziekuithuizermeeden.nl\/wp-content\/uploads\/2023\/12\/IMG_4175-4-768x1024.jpg 768w, https:\/\/avondmuziekuithuizermeeden.nl\/wp-content\/uploads\/2023\/12\/IMG_4175-4-225x300.jpg 225w, https:\/\/avondmuziekuithuizermeeden.nl\/wp-content\/uploads\/2023\/12\/IMG_4175-4-1152x1536.jpg 1152w, https:\/\/avondmuziekuithuizermeeden.nl\/wp-content\/uploads\/2023\/12\/IMG_4175-4-1x1.jpg 1w, https:\/\/avondmuziekuithuizermeeden.nl\/wp-content\/uploads\/2023\/12\/IMG_4175-4-rotated.jpg 1512w\" sizes=\"auto, (max-width: 768px) 100vw, 768px\" \/><\/figure>\n<\/div><\/div>\n<\/div>\n\n\n\n<p>Concert 307, 12 augustus 2023<\/p>\n\n\n\n<p>Gabriel Dissenha orgel, Meistermuziekuur<\/p>\n\n\n\n<p>Concert 306, 24 juni 2023<\/p>\n\n\n\n<p>De broers Euwe en Sybolt de Jong speelden vierhandig delen uit cantates van Bach op het Hinsz-orgel. Verder klonk er muziek van Mendelssohn, H\u00f6pner en Wammes. Met name de prachtige fluiten van het orgel waren vaak te horen. Daarnaast speelden Euwe en Sybolt op hun meegebrachte kofferharmoniums variaties op het Gronings volksliedje &#8216;Peerd van Ome Loeks is dood&#8217;. Het concert eindigde met een aantal delen uit de Suite Groningen Historiael van Piet Rippen.<\/p>\n\n\n<div class=\"wp-block-image\">\n<figure class=\"aligncenter size-large is-resized\"><img loading=\"lazy\" decoding=\"async\" width=\"1024\" height=\"768\" src=\"https:\/\/avondmuziekuithuizermeeden.nl\/wp-content\/uploads\/2023\/06\/De-Jong-De-Jong-2-1024x768.jpg\" alt=\"\" class=\"wp-image-714\" style=\"width:538px;height:404px\" srcset=\"https:\/\/avondmuziekuithuizermeeden.nl\/wp-content\/uploads\/2023\/06\/De-Jong-De-Jong-2-1024x768.jpg 1024w, https:\/\/avondmuziekuithuizermeeden.nl\/wp-content\/uploads\/2023\/06\/De-Jong-De-Jong-2-300x225.jpg 300w, https:\/\/avondmuziekuithuizermeeden.nl\/wp-content\/uploads\/2023\/06\/De-Jong-De-Jong-2-768x576.jpg 768w, https:\/\/avondmuziekuithuizermeeden.nl\/wp-content\/uploads\/2023\/06\/De-Jong-De-Jong-2-1536x1152.jpg 1536w, https:\/\/avondmuziekuithuizermeeden.nl\/wp-content\/uploads\/2023\/06\/De-Jong-De-Jong-2-1x1.jpg 1w, https:\/\/avondmuziekuithuizermeeden.nl\/wp-content\/uploads\/2023\/06\/De-Jong-De-Jong-2.jpg 2000w\" sizes=\"auto, (max-width: 1024px) 100vw, 1024px\" \/><\/figure>\n<\/div>\n\n\n<p>Na afloop van het concert werd er ook een bos bloemen overhandigd aan Tine Brontsema, die na vele jaren afscheid nam als bestuurslid van de Stichting Avondmuziek Uithuizermeeden. <\/p>\n\n\n<div class=\"wp-block-image\">\n<figure class=\"aligncenter size-full is-resized\"><img loading=\"lazy\" decoding=\"async\" width=\"483\" height=\"834\" src=\"https:\/\/avondmuziekuithuizermeeden.nl\/wp-content\/uploads\/2023\/06\/Tine-4.jpg\" alt=\"\" class=\"wp-image-715\" style=\"width:352px;height:607px\" srcset=\"https:\/\/avondmuziekuithuizermeeden.nl\/wp-content\/uploads\/2023\/06\/Tine-4.jpg 483w, https:\/\/avondmuziekuithuizermeeden.nl\/wp-content\/uploads\/2023\/06\/Tine-4-174x300.jpg 174w, https:\/\/avondmuziekuithuizermeeden.nl\/wp-content\/uploads\/2023\/06\/Tine-4-1x2.jpg 1w\" sizes=\"auto, (max-width: 483px) 100vw, 483px\" \/><\/figure>\n<\/div>\n\n\n<p>Concert 305, 10 december 2022<\/p>\n\n\n\n<p>Het koor Choral Voices, onder leiding van dirigent Daniel Rouwkema en met begeleiding van organist Mattijs de Vreugd, voerde een <em>Festival of Lessons and Carols<\/em> uit in Het Anker. Ruim honderd bezoekers konden genieten van de Engelse muziek en meezingen met een aantal bekende kerstliederen. Dit was het laatste concert in het kader van het 50-jarig jubileum van Stichting Avondmuziek Uithuizermeeden.<\/p>\n\n\n<div class=\"wp-block-image\">\n<figure class=\"aligncenter size-large is-resized\"><img loading=\"lazy\" decoding=\"async\" width=\"768\" height=\"1024\" src=\"https:\/\/avondmuziekuithuizermeeden.nl\/wp-content\/uploads\/2022\/12\/IMG_2903-768x1024.jpg\" alt=\"\" class=\"wp-image-667\" style=\"width:513px;height:684px\" srcset=\"https:\/\/avondmuziekuithuizermeeden.nl\/wp-content\/uploads\/2022\/12\/IMG_2903-768x1024.jpg 768w, https:\/\/avondmuziekuithuizermeeden.nl\/wp-content\/uploads\/2022\/12\/IMG_2903-225x300.jpg 225w, https:\/\/avondmuziekuithuizermeeden.nl\/wp-content\/uploads\/2022\/12\/IMG_2903-1152x1536.jpg 1152w, https:\/\/avondmuziekuithuizermeeden.nl\/wp-content\/uploads\/2022\/12\/IMG_2903-1536x2048.jpg 1536w, https:\/\/avondmuziekuithuizermeeden.nl\/wp-content\/uploads\/2022\/12\/IMG_2903-1x1.jpg 1w, https:\/\/avondmuziekuithuizermeeden.nl\/wp-content\/uploads\/2022\/12\/IMG_2903-scaled.jpg 1920w\" sizes=\"auto, (max-width: 768px) 100vw, 768px\" \/><\/figure>\n<\/div>\n\n<div class=\"wp-block-image\">\n<figure class=\"aligncenter size-large is-resized\"><img loading=\"lazy\" decoding=\"async\" width=\"1024\" height=\"484\" src=\"https:\/\/avondmuziekuithuizermeeden.nl\/wp-content\/uploads\/2022\/12\/lessonCarols2022-1-1024x484.jpg\" alt=\"\" class=\"wp-image-671\" style=\"width:740px;height:350px\" srcset=\"https:\/\/avondmuziekuithuizermeeden.nl\/wp-content\/uploads\/2022\/12\/lessonCarols2022-1-1024x484.jpg 1024w, https:\/\/avondmuziekuithuizermeeden.nl\/wp-content\/uploads\/2022\/12\/lessonCarols2022-1-300x142.jpg 300w, https:\/\/avondmuziekuithuizermeeden.nl\/wp-content\/uploads\/2022\/12\/lessonCarols2022-1-768x363.jpg 768w, https:\/\/avondmuziekuithuizermeeden.nl\/wp-content\/uploads\/2022\/12\/lessonCarols2022-1-1536x727.jpg 1536w, https:\/\/avondmuziekuithuizermeeden.nl\/wp-content\/uploads\/2022\/12\/lessonCarols2022-1-1x1.jpg 1w, https:\/\/avondmuziekuithuizermeeden.nl\/wp-content\/uploads\/2022\/12\/lessonCarols2022-1.jpg 1600w\" sizes=\"auto, (max-width: 1024px) 100vw, 1024px\" \/><\/figure>\n<\/div>\n\n\n<p>Concert 304, 10 september 2022<\/p>\n\n\n\n<p>Deze avond een bijzonder concert door Wibi Soerjadi in het kader van het jubileum van de Stichting Avondmuziek. &#8217;s Middags gaf Wibi een masterclass aan vier getalenteerde pianoleerlingen van Cultuurcentrum Hogeland. &#8217;s Avonds speelde hij voor een bijna uitverkochte kerkzaal in Het Anker werken van Bach\/Gounod, Ravel, Rachmaninov en zichzelf.<\/p>\n\n\n\n<p>Klik <a href=\"https:\/\/cultuurcentrumhogeland.nl\/nieuws\/hogelandster-pianotalenten-krijgen-les-van-wibi-soerjadi\/\" target=\"_blank\" rel=\"noreferrer noopener\">hier<\/a> voor een verslag.<\/p>\n\n\n\n<div class=\"wp-block-columns is-layout-flex wp-container-core-columns-is-layout-9d6595d7 wp-block-columns-is-layout-flex\">\n<div class=\"wp-block-column is-layout-flow wp-block-column-is-layout-flow\" style=\"flex-basis:100%\"><div class=\"wp-block-image is-resized\">\n<figure class=\"aligncenter size-large\"><img loading=\"lazy\" decoding=\"async\" width=\"769\" height=\"1024\" src=\"https:\/\/avondmuziekuithuizermeeden.nl\/wp-content\/uploads\/2022\/09\/IMG_20220910_204408338-769x1024.jpg\" alt=\"\" class=\"wp-image-624\" style=\"width:405px;height:auto\" srcset=\"https:\/\/avondmuziekuithuizermeeden.nl\/wp-content\/uploads\/2022\/09\/IMG_20220910_204408338-769x1024.jpg 769w, https:\/\/avondmuziekuithuizermeeden.nl\/wp-content\/uploads\/2022\/09\/IMG_20220910_204408338-225x300.jpg 225w, https:\/\/avondmuziekuithuizermeeden.nl\/wp-content\/uploads\/2022\/09\/IMG_20220910_204408338-768x1023.jpg 768w, https:\/\/avondmuziekuithuizermeeden.nl\/wp-content\/uploads\/2022\/09\/IMG_20220910_204408338-1153x1536.jpg 1153w, https:\/\/avondmuziekuithuizermeeden.nl\/wp-content\/uploads\/2022\/09\/IMG_20220910_204408338-1x1.jpg 1w, https:\/\/avondmuziekuithuizermeeden.nl\/wp-content\/uploads\/2022\/09\/IMG_20220910_204408338.jpg 1201w\" sizes=\"auto, (max-width: 769px) 100vw, 769px\" \/><\/figure>\n<\/div><\/div>\n<\/div>\n\n\n<div class=\"wp-block-image is-resized\">\n<figure class=\"aligncenter size-large\"><img loading=\"lazy\" decoding=\"async\" width=\"769\" height=\"1024\" src=\"https:\/\/avondmuziekuithuizermeeden.nl\/wp-content\/uploads\/2022\/09\/IMG_20220910_150823972-1-769x1024.jpg\" alt=\"\" class=\"wp-image-625\" style=\"width:298px;height:auto\" srcset=\"https:\/\/avondmuziekuithuizermeeden.nl\/wp-content\/uploads\/2022\/09\/IMG_20220910_150823972-1-769x1024.jpg 769w, https:\/\/avondmuziekuithuizermeeden.nl\/wp-content\/uploads\/2022\/09\/IMG_20220910_150823972-1-225x300.jpg 225w, https:\/\/avondmuziekuithuizermeeden.nl\/wp-content\/uploads\/2022\/09\/IMG_20220910_150823972-1-768x1023.jpg 768w, https:\/\/avondmuziekuithuizermeeden.nl\/wp-content\/uploads\/2022\/09\/IMG_20220910_150823972-1-1153x1536.jpg 1153w, https:\/\/avondmuziekuithuizermeeden.nl\/wp-content\/uploads\/2022\/09\/IMG_20220910_150823972-1-1x1.jpg 1w, https:\/\/avondmuziekuithuizermeeden.nl\/wp-content\/uploads\/2022\/09\/IMG_20220910_150823972-1.jpg 1201w\" sizes=\"auto, (max-width: 769px) 100vw, 769px\" \/><\/figure>\n<\/div>\n\n\n\n\n<p>Concert 303, 20 augustus 2022 <\/p>\n\n\n\n<p>Ties Molenhuis orgel<\/p>\n\n\n\n<p>Concert 302, 26 juni 2022<\/p>\n\n\n\n<p>Dat moderne muziek ook uitstekend kan klinken op een orgel uit de 18de eeuw werd zondagavond 26 juni nog maar weer eens bewezen. De beroemde Parijse organist Olivier Latry speelde op het Hinsz-orgel in de Mariakerk van Uithuizermeeden een programma met afwisselend werken van Bach en composities uit de 20ste eeuw. In zijn openingswoord zei Latry dat hij er met het oude Hinsz-orgel een vriend bij had gekregen die uitstekend in staat was de gevoelens van hem als organist te vertolken. Het muisstille publiek luisterde van begin tot eind zeer geconcentreerd naar de grote contrasten tussen de klassieke stukken van Johann Sebastian Bach en de soms grillige muziek uit de twintigste eeuw van Thierry Escaich, Jean-Pierre Leguay en Bert Matter.<\/p>\n\n\n\n<p>Latry wist alle werken een grote mate van spanning mee te geven. Ingetogen klonk het <em>O Mensch, bewein\u2019 dein\u2019 S\u00fcnde Gro\u00df<\/em>, gespeeld met de prachtige Vox Humana. De Bazuin van het pedaal liet de fatale val van Adam telkens horen in de baspartij van <em>Durch Adam\u2019s Fall ist ganz verderbt<\/em>. De fantasie van Matter over <em>Von Gott will ich nicht lassen<\/em>&nbsp;begon met een enkele verstilde fluitstem. Het stuk in <em>minimal music<\/em>-stijl werkte vervolgens toe naar een grote climax met vol orgel, om daarna weer in alle rust te eindigen. In de bekende grote Bach werken wist Latry de luisteraars te boeien met niet alledaagse registraties. De Passacaglia begon met een plenumklank, maar er werd al gauw terug geregistreerd om zo de verschillende klankkleuren van het orgel te laten horen. Vanwege het warme weer stond in het koor van de kerk de deur open. De geluiden van de vogels buiten mixten wonderwel met de moderne klanken van de slotimprovisatie van Latry over <em>Wie maar de goede God laat zorgen<\/em>. Het concert eindigde nu eens niet met het volle orgel, maar met een hoge, ijle klank. De virtuoze Franse organist van de Parijse Notre-Dame bleek uitstekend uit de voeten te kunnen met het dorpsorgel in Uithuizermeeden. <\/p>\n\n\n\n<p>U kunt een opname van het concert terugzien via de knop Beeld &amp; Geluid.<\/p>\n\n\n<div class=\"wp-block-image\">\n<figure class=\"aligncenter size-full is-resized\"><img loading=\"lazy\" decoding=\"async\" width=\"1024\" height=\"682\" src=\"https:\/\/avondmuziekuithuizermeeden.nl\/wp-content\/uploads\/2022\/06\/DSC_05232021.jpg\" alt=\"\" class=\"wp-image-576\" style=\"width:528px;height:352px\" srcset=\"https:\/\/avondmuziekuithuizermeeden.nl\/wp-content\/uploads\/2022\/06\/DSC_05232021.jpg 1024w, https:\/\/avondmuziekuithuizermeeden.nl\/wp-content\/uploads\/2022\/06\/DSC_05232021-300x200.jpg 300w, https:\/\/avondmuziekuithuizermeeden.nl\/wp-content\/uploads\/2022\/06\/DSC_05232021-768x512.jpg 768w, https:\/\/avondmuziekuithuizermeeden.nl\/wp-content\/uploads\/2022\/06\/DSC_05232021-1x1.jpg 1w\" sizes=\"auto, (max-width: 1024px) 100vw, 1024px\" \/><\/figure>\n<\/div>\n\n<div class=\"wp-block-image\">\n<figure class=\"aligncenter size-full is-resized\"><img loading=\"lazy\" decoding=\"async\" width=\"768\" height=\"1024\" src=\"https:\/\/avondmuziekuithuizermeeden.nl\/wp-content\/uploads\/2022\/06\/IMG-20220627-WA0007.jpg\" alt=\"\" class=\"wp-image-579\" style=\"width:401px;height:533px\" srcset=\"https:\/\/avondmuziekuithuizermeeden.nl\/wp-content\/uploads\/2022\/06\/IMG-20220627-WA0007.jpg 768w, https:\/\/avondmuziekuithuizermeeden.nl\/wp-content\/uploads\/2022\/06\/IMG-20220627-WA0007-225x300.jpg 225w, https:\/\/avondmuziekuithuizermeeden.nl\/wp-content\/uploads\/2022\/06\/IMG-20220627-WA0007-1x1.jpg 1w\" sizes=\"auto, (max-width: 768px) 100vw, 768px\" \/><\/figure>\n<\/div>\n\n\n<p>Concert 301, 18 april 2022<\/p>\n\n\n\n<p>Het koor Sonus Vita o.l.v. Anjo de Haan bracht &nbsp;samen met organist Stef Tuinstra een programma dat in het teken stond van de paastijd. Het koor zong enkele koraalmotetten van Johann Michael Bach en Johann Christoph Bach en verder werken van Bruckner en de onbekendere Peteris Vasks. Het koor heeft een mooie homogene en zuivere klank. Bij de vijfstemmige motetten was de cantus firmus partij fraai in balans met de overige partijen van het koor. De dirigent maakte creatief gebruik van de verschillende opstellingsmogelijkheden in de kerkruimte. En hoewel de akoestiek in de Mariakerk verre van ideaal is, overtuigden de koorleden het publiek van de schoonheid van de stukken. Bijzonder was dat bij \u00e9\u00e9n motet het grote orgel gebruikt werd als continuo instrument, precies zoals ook in de 18e eeuw het geval was. &nbsp;<\/p>\n\n\n\n<p>Tuinstra liet het Hinsz-orgel horen met werken van o.a. B\u00f6hm en Buxtehude. Door de vele wisselingen in registratie genoten de aanwezigen van de vele fraaie tongwerken en fluiten in steeds weer andere combinaties. De organist besloot het concert met een fraaie reeks ge\u00efmproviseerde variaties over een bekend paaslied.<\/p>\n\n\n\n<figure class=\"wp-block-image size-large\"><img loading=\"lazy\" decoding=\"async\" width=\"1024\" height=\"484\" src=\"https:\/\/avondmuziekuithuizermeeden.nl\/wp-content\/uploads\/2022\/04\/foto-concert-1024x484.jpg\" alt=\"\" class=\"wp-image-533\" srcset=\"https:\/\/avondmuziekuithuizermeeden.nl\/wp-content\/uploads\/2022\/04\/foto-concert-1024x484.jpg 1024w, https:\/\/avondmuziekuithuizermeeden.nl\/wp-content\/uploads\/2022\/04\/foto-concert-300x142.jpg 300w, https:\/\/avondmuziekuithuizermeeden.nl\/wp-content\/uploads\/2022\/04\/foto-concert-768x363.jpg 768w, https:\/\/avondmuziekuithuizermeeden.nl\/wp-content\/uploads\/2022\/04\/foto-concert-1536x727.jpg 1536w, https:\/\/avondmuziekuithuizermeeden.nl\/wp-content\/uploads\/2022\/04\/foto-concert-1x1.jpg 1w, https:\/\/avondmuziekuithuizermeeden.nl\/wp-content\/uploads\/2022\/04\/foto-concert.jpg 1600w\" sizes=\"auto, (max-width: 1024px) 100vw, 1024px\" \/><\/figure>\n\n\n\n<div class=\"wp-block-columns is-layout-flex wp-container-core-columns-is-layout-9d6595d7 wp-block-columns-is-layout-flex\">\n<div class=\"wp-block-column is-layout-flow wp-block-column-is-layout-flow\" style=\"flex-basis:100%\">\n<figure class=\"wp-block-gallery has-nested-images columns-default is-cropped wp-block-gallery-1 is-layout-flex wp-block-gallery-is-layout-flex\">\n<figure class=\"wp-block-image size-large\"><img loading=\"lazy\" decoding=\"async\" width=\"1024\" height=\"485\" data-id=\"534\" src=\"https:\/\/avondmuziekuithuizermeeden.nl\/wp-content\/uploads\/2022\/04\/foto-musici-1024x485.jpg\" alt=\"\" class=\"wp-image-534\" srcset=\"https:\/\/avondmuziekuithuizermeeden.nl\/wp-content\/uploads\/2022\/04\/foto-musici-1024x485.jpg 1024w, https:\/\/avondmuziekuithuizermeeden.nl\/wp-content\/uploads\/2022\/04\/foto-musici-300x142.jpg 300w, https:\/\/avondmuziekuithuizermeeden.nl\/wp-content\/uploads\/2022\/04\/foto-musici-768x363.jpg 768w, https:\/\/avondmuziekuithuizermeeden.nl\/wp-content\/uploads\/2022\/04\/foto-musici-1536x727.jpg 1536w, https:\/\/avondmuziekuithuizermeeden.nl\/wp-content\/uploads\/2022\/04\/foto-musici-1x1.jpg 1w, https:\/\/avondmuziekuithuizermeeden.nl\/wp-content\/uploads\/2022\/04\/foto-musici.jpg 2016w\" sizes=\"auto, (max-width: 1024px) 100vw, 1024px\" \/><\/figure>\n<\/figure>\n<\/div>\n<\/div>\n\n\n\n<hr class=\"wp-block-separator has-css-opacity\"\/>\n\n\n\n<p>Concert 300, 13 november 2021<\/p>\n\n\n\n<p>Het Luthers Bach Ensemble o.l.v. Tymen Jan Bronda gaf een concert met &#8216;most famous&#8217; cantates van Bach. In een volle kerk werden drie cantates uitgevoerd: <em>Wachet auf, ruft uns die stimme<\/em> (BWV 140),<em> Herr Christ, der einge Gottessohn <\/em>(BWV 96) en <em>Wachet! betet! betet! wachet!<\/em> (BWV 70). De vocale solisten Kristen Witmer (sopraan), Gerben van der Werf (altus), William Knight (tenor) en Marc Pantus (bas) schitterden in de solo delen. Het barokorkest met diverse solisten zorgde voor een dynamische en bruisende begeleiding. Het kleinkoor klonk steeds overtuigend met als fraai hoogtepunt het slot van cantate 140: <em>Ewig in dulci jubilo<\/em>. <\/p>\n\n\n\n<p>Een deel van de cantate <em>Wachet auf<\/em> is terug te luisteren onder de knop Beeld &amp; Geluid.<\/p>\n\n\n<div class=\"wp-block-image is-resized\">\n<figure class=\"aligncenter size-large\"><img loading=\"lazy\" decoding=\"async\" width=\"1024\" height=\"768\" src=\"https:\/\/avondmuziekuithuizermeeden.nl\/wp-content\/uploads\/2021\/11\/PHOTO-2021-11-18-17-59-39-kopie-1024x768.jpg\" alt=\"\" class=\"wp-image-488\" style=\"width:536px;height:auto\" srcset=\"https:\/\/avondmuziekuithuizermeeden.nl\/wp-content\/uploads\/2021\/11\/PHOTO-2021-11-18-17-59-39-kopie-1024x768.jpg 1024w, https:\/\/avondmuziekuithuizermeeden.nl\/wp-content\/uploads\/2021\/11\/PHOTO-2021-11-18-17-59-39-kopie-300x225.jpg 300w, https:\/\/avondmuziekuithuizermeeden.nl\/wp-content\/uploads\/2021\/11\/PHOTO-2021-11-18-17-59-39-kopie-768x576.jpg 768w, https:\/\/avondmuziekuithuizermeeden.nl\/wp-content\/uploads\/2021\/11\/PHOTO-2021-11-18-17-59-39-kopie-1536x1152.jpg 1536w, https:\/\/avondmuziekuithuizermeeden.nl\/wp-content\/uploads\/2021\/11\/PHOTO-2021-11-18-17-59-39-kopie-1x1.jpg 1w, https:\/\/avondmuziekuithuizermeeden.nl\/wp-content\/uploads\/2021\/11\/PHOTO-2021-11-18-17-59-39-kopie.jpg 1600w\" sizes=\"auto, (max-width: 1024px) 100vw, 1024px\" \/><\/figure>\n<\/div>\n\n<div class=\"wp-block-image is-resized\">\n<figure class=\"aligncenter size-large\"><img loading=\"lazy\" decoding=\"async\" width=\"1024\" height=\"768\" src=\"https:\/\/avondmuziekuithuizermeeden.nl\/wp-content\/uploads\/2021\/11\/PHOTO-2021-11-18-17-59-37-1024x768.jpg\" alt=\"\" class=\"wp-image-486\" style=\"width:620px;height:auto\" srcset=\"https:\/\/avondmuziekuithuizermeeden.nl\/wp-content\/uploads\/2021\/11\/PHOTO-2021-11-18-17-59-37-1024x768.jpg 1024w, https:\/\/avondmuziekuithuizermeeden.nl\/wp-content\/uploads\/2021\/11\/PHOTO-2021-11-18-17-59-37-300x225.jpg 300w, https:\/\/avondmuziekuithuizermeeden.nl\/wp-content\/uploads\/2021\/11\/PHOTO-2021-11-18-17-59-37-768x576.jpg 768w, https:\/\/avondmuziekuithuizermeeden.nl\/wp-content\/uploads\/2021\/11\/PHOTO-2021-11-18-17-59-37-1536x1152.jpg 1536w, https:\/\/avondmuziekuithuizermeeden.nl\/wp-content\/uploads\/2021\/11\/PHOTO-2021-11-18-17-59-37-1x1.jpg 1w, https:\/\/avondmuziekuithuizermeeden.nl\/wp-content\/uploads\/2021\/11\/PHOTO-2021-11-18-17-59-37.jpg 1600w\" sizes=\"auto, (max-width: 1024px) 100vw, 1024px\" \/><\/figure>\n<\/div>\n\n\n<p>Concert 299, 26 juni 2021<\/p>\n\n\n\n<p>Rien Donkersloot (organist in de St. Joriskerk Amersfoort) verzorgde het tweede concert in het kader van 50 jaar Stichting Avondmuziek Uithuizermeeden. Voor het eerst sinds lange tijd was er weer publiek aanwezig bij een concert. Na een korte toelichting door Rien op het programma konden de bezoekers de live klanken weer horen van het Hinsz-orgel. Thuisblijvers konden via een livestream genieten van het orgelspel van Donkersloot. Rien had werken uitgekozen van B\u00f6hm, Buxtehude, Bach en Mozart die goed passen op het instrument. De Bach transcripties en met name het Largo uit het viooldubbelconcert in d BWV 1043 (in een bewerking van Bernard Winsemius) vormden het hoogtepunt van het concert.<\/p>\n\n\n\n<p>Het concert is terug te luisteren onder de knop Beeld &amp; Geluid.<\/p>\n\n\n<div class=\"wp-block-image is-resized\">\n<figure class=\"aligncenter size-large\"><img loading=\"lazy\" decoding=\"async\" width=\"768\" height=\"1024\" src=\"https:\/\/avondmuziekuithuizermeeden.nl\/wp-content\/uploads\/2021\/06\/RienDonkersloot-Bloemen-768x1024.jpg\" alt=\"\" class=\"wp-image-387\" style=\"width:366px;height:auto\" srcset=\"https:\/\/avondmuziekuithuizermeeden.nl\/wp-content\/uploads\/2021\/06\/RienDonkersloot-Bloemen-768x1024.jpg 768w, https:\/\/avondmuziekuithuizermeeden.nl\/wp-content\/uploads\/2021\/06\/RienDonkersloot-Bloemen-225x300.jpg 225w, https:\/\/avondmuziekuithuizermeeden.nl\/wp-content\/uploads\/2021\/06\/RienDonkersloot-Bloemen-1152x1536.jpg 1152w, https:\/\/avondmuziekuithuizermeeden.nl\/wp-content\/uploads\/2021\/06\/RienDonkersloot-Bloemen-1536x2048.jpg 1536w, https:\/\/avondmuziekuithuizermeeden.nl\/wp-content\/uploads\/2021\/06\/RienDonkersloot-Bloemen-1x1.jpg 1w, https:\/\/avondmuziekuithuizermeeden.nl\/wp-content\/uploads\/2021\/06\/RienDonkersloot-Bloemen-scaled.jpg 1920w\" sizes=\"auto, (max-width: 768px) 100vw, 768px\" \/><\/figure>\n<\/div>\n\n\n<p>Concert 298, 17 april 2021<\/p>\n\n\n\n<p>Sietze de Vries orgel, eerste jubileumconcert 50 jaar Stichting Avondmuziek Uithuizermeeden. In 2020 was de viering van dit jubileum gepland met een uitgebreid en bijzonder programma. In verband met de coronapandemie moest de viering echter worden uitgesteld tot de jaren 2021 en 2022. Sietze verzorgde deze avond een online-concert zonder publiek. Dit concert is te beluisteren onder de knop Beeld &amp; Geluid.<\/p>\n\n\n\n<p>Concert 297, 21 september 2019<\/p>\n\n\n\n<p>Peter van der Zwaag orgel<\/p>\n\n\n\n<p>Concert 296, 30 mei 2019<\/p>\n\n\n\n<p>Organist Gerwin Hoekstra speelde een afwisselend programma met o.m. Bach (Allein Gott in der H\u00f6h\u2019 sei Ehr), Bert Matter, Candotti en Mendelssohn&nbsp;(Sonate no. 6). <\/p>\n\n\n<div class=\"wp-block-image is-resized\">\n<figure class=\"aligncenter\"><img loading=\"lazy\" decoding=\"async\" width=\"768\" height=\"1024\" src=\"https:\/\/avondmuziekuithuizermeeden.nl\/wp-content\/uploads\/2019\/06\/hoekstrabedank-768x1024.jpg\" alt=\"\" class=\"wp-image-225\" style=\"width:340px;height:auto\" srcset=\"https:\/\/avondmuziekuithuizermeeden.nl\/wp-content\/uploads\/2019\/06\/hoekstrabedank-768x1024.jpg 768w, https:\/\/avondmuziekuithuizermeeden.nl\/wp-content\/uploads\/2019\/06\/hoekstrabedank-225x300.jpg 225w, https:\/\/avondmuziekuithuizermeeden.nl\/wp-content\/uploads\/2019\/06\/hoekstrabedank-1x1.jpg 1w, https:\/\/avondmuziekuithuizermeeden.nl\/wp-content\/uploads\/2019\/06\/hoekstrabedank.jpg 1512w\" sizes=\"auto, (max-width: 768px) 100vw, 768px\" \/><\/figure>\n<\/div>\n\n\n<p>Concert 295, 22 april 2019<\/p>\n\n\n\n<p>Jochem Schuurman orgel<\/p>\n\n\n\n<p>Concert 294, 13 oktober 2018<\/p>\n\n\n\n<p>Tymen Jan Bronda orgel<\/p>\n\n\n\n<p>Concert 293, 7 juli 2018<\/p>\n\n\n\n<p>Ties Molenhuis orgel, Sophie Ehling&nbsp;cello<\/p>\n\n\n\n<p>Concert 292, 30 juni 2018<\/p>\n\n\n\n<p>Puellae kwartet, &#8216;young classic&#8217; concert &nbsp;<\/p>\n\n\n\n<p>Concert 291, 10 mei 2018<\/p>\n\n\n\n<p>Barlheze Consort<\/p>\n\n\n\n<p>Concert 290, 2 april 2018<\/p>\n\n\n\n<p>Sietze de Vries orgel, &nbsp;Eran Wajsenblum blokfuit<\/p>\n\n\n\n<p>Concert 289, 7 oktober 2017<\/p>\n\n\n\n<p>Minne Veldman orgel<\/p>\n\n\n\n<p>Concert 288, 25 mei 2017<\/p>\n\n\n\n<p>Pieter Pilon orgel<\/p>\n\n\n\n<p>Concert 287, 17 april 2017<\/p>\n\n\n\n<p>Vincent van Laar orgel<\/p>\n\n\n\n<p>Concert 286, 8 oktober 2016<\/p>\n\n\n\n<p>Jaap Zwart orgel<\/p>\n\n\n\n<p>Concert 285, 5 mei 2016<\/p>\n\n\n\n<p>Stef Tuinstra orgel<\/p>\n\n\n\n<p>Concert 284, 28 maart 2016<\/p>\n\n\n\n<p>Sietze de Vries orgel<\/p>\n\n\n\n<p>Concert 283, 10 oktober 2015<\/p>\n\n\n\n<p>Jelte Hulzebos orgel, eerste concert na restauratie Hinsz-orgel<\/p>\n\n\n\n<p>Concert 282, 11 oktober 2014<\/p>\n\n\n\n<p>Ensemble Sonus Vita o.l.v. Anjo de Haan, Jonne Kleinjan trompet, Toon Hagen orgel, Het Anker<\/p>\n\n\n\n<p>Concert 281, 21 april 2014<\/p>\n\n\n\n<p>Sietze de Vries orgel<\/p>\n\n\n\n<p>Concert 280, 12 oktober 2013<\/p>\n\n\n\n<p>Everhard Zwart orgel<\/p>\n\n\n\n<p>Concert 279, 9 mei 2013<\/p>\n\n\n\n<p>Erwin Wiersinga orgel<\/p>\n\n\n\n<p>Concert 278, 1 april 2013<\/p>\n\n\n\n<p>Sietze de Vries orgel<\/p>\n\n\n\n<p>Concert 277, 6 oktober 2012<\/p>\n\n\n\n<p>Sander van Marion orgel<\/p>\n\n\n\n<p>Concert 276, 17 mei 2012<\/p>\n\n\n\n<p>Peter Westerbrink orgel<\/p>\n\n\n\n<p>Concert 275, 9 april 2012<\/p>\n\n\n\n<p>Sietze de Vries orgel<\/p>\n\n\n\n<p>Concert 274, 8 oktober 2011<\/p>\n\n\n\n<p>Natascha Reich orgel<\/p>\n\n\n\n<p>Concert 273, 2 juni 2011<\/p>\n\n\n\n<p>Wolfgang Zerer orgel<\/p>\n\n\n\n<p>Concert 272, 25 april 2011<\/p>\n\n\n\n<p>Theo Jellema orgel<\/p>\n\n\n\n<p>Concert 271, 26 juni 2010<\/p>\n\n\n\n<p>Roder Jongenskoor o.l.v. Rintje te Wies, Sietze de Vries orgel en piano, jubileumconcert 40 jaar Stichting Avondmuziek Uithuizermeeden, Het Anker<\/p>\n\n\n\n<p>Concert 270, 13 mei 2010<\/p>\n\n\n\n<p>Barlheze Consort, jubileumconcert 40 jaar Stichting Avondmuziek Uithuizermeeden<\/p>\n\n\n\n<p>Concert 269, 5 april 2010<\/p>\n\n\n\n<p>Jaap Zwart orgel, jubileumconcert 40 jaar Stichting Avondmuziek Uithuizermeeden<\/p>\n\n\n\n<p>Concert 268, 26 september 2009<\/p>\n\n\n\n<p>Pieter Pilon orgel<\/p>\n\n\n\n<p>Concert 267, 21 mei 2009<\/p>\n\n\n\n<p>Jelte Hulzebos orgel en klavecimbel<\/p>\n\n\n\n<p>Concert 266, 13 april 2009<\/p>\n\n\n\n<p>Vincent van Laar orgel<\/p>\n\n\n\n<p>Concert 265, 27 september 2008<\/p>\n\n\n\n<p>Leonore Lub orgel<\/p>\n\n\n\n<p>Concert 264, 31 mei 2008<\/p>\n\n\n\n<p>Karen Mc Kinney orgel<\/p>\n\n\n\n<p>Concert 263, 1 mei 2008<\/p>\n\n\n\n<p>Ludolf Heikens orgel<\/p>\n\n\n\n<p>Concert 262, 24 maart 2008<\/p>\n\n\n\n<p>Tymen Jan Bronda orgel<\/p>\n\n\n\n<p>Concert 261, 29 september 2007<\/p>\n\n\n\n<p>Sietze de Vries orgel<\/p>\n\n\n\n<p>Concert 260, 17 mei 2007<\/p>\n\n\n\n<p>Stef Tuinstra orgel<\/p>\n\n\n\n<p>Concert 259, 9 april 2007<\/p>\n\n\n\n<p>Janny de Vries en Marinus Knol orgel<\/p>\n\n\n\n<p>Concert 258, 30 september 2006<\/p>\n\n\n\n<p>Sander van Marion orgel<\/p>\n\n\n\n<p>Concert 257, 25 mei 2006<\/p>\n\n\n\n<p>Pieter Pilon orgel<\/p>\n\n\n\n<p>Concert 256, 17 april 2006<\/p>\n\n\n\n<p>Jaap Zwart orgel<\/p>\n\n\n\n<p>Concert 255, 24 september 2005<\/p>\n\n\n\n<p>Willem Mesdag orgel<\/p>\n\n\n\n<p>Concert 254, 5 mei 2005<\/p>\n\n\n\n<p>Ensemble Krummh\u00f6rner Spielleute<\/p>\n\n\n\n<p>Concert 253, 28 maart 2005<\/p>\n\n\n\n<p>Charles de Wolff orgel<\/p>\n\n\n\n<p>Concert 252, 25 september 2004<\/p>\n\n\n\n<p>Everhard Zwart orgel<\/p>\n\n\n\n<p>Concert 251, 20 mei 2004<\/p>\n\n\n\n<p>Izebrand de Boer klarinet, Harma Everts sopraan, Ellen Dijkhuizen piano<\/p>\n\n\n\n<p>Concert 250, 12 april 2004<\/p>\n\n\n\n<p>Peter Westerbrink orgel<\/p>\n\n\n\n<p>Concert 249, 20 september 2003<\/p>\n\n\n\n<p>Klaas Jan Mulder orgel<\/p>\n\n\n\n<p>Concert 248, 29 mei 2003<\/p>\n\n\n\n<p>Piet Wiersma orgel<\/p>\n\n\n\n<p>Concert 247, 21 april 2003<\/p>\n\n\n\n<p>Sietze de Vries orgel<\/p>\n\n\n\n<p>Concert 246, 12 oktober 2002<\/p>\n\n\n\n<p>Pieter Pilon orgel, Peter van der Wateren blokfluit, Wim Dalmaijer spinet<\/p>\n\n\n\n<p>Concert 245, 9 mei 2002<\/p>\n\n\n\n<p>Erwin Wiersinga orgel<\/p>\n\n\n\n<p>Concert 244, 1 april 2002<\/p>\n\n\n\n<p>Jaap Zwart orgel<\/p>\n\n\n\n<p>Concert 243, 17 november 2001<\/p>\n\n\n\n<p>Sander van Marion orgel<\/p>\n\n\n\n<p>Concert 242, 28 september 2001<\/p>\n\n\n\n<p>Everhard Zwart orgel<\/p>\n\n\n\n<p>Concert 241, 24 mei 2001<\/p>\n\n\n\n<p>Vincent van Laar orgel en clavecimbel<\/p>\n\n\n\n<p>Concert 240, 16 april 2001<\/p>\n\n\n\n<p>Piet Wiersma orgel<\/p>\n\n\n\n<p>Concert 239, 25 november 2000<\/p>\n\n\n\n<p>Jaap Zwart orgel, jubileumconcert 30 jaar Stichting Avondmuziek Uithuizermeeden<\/p>\n\n\n\n<p>Concert 238, 1 juni 2000<\/p>\n\n\n\n<p>Piet Wiersma orgel<\/p>\n\n\n\n<p>Concert 237, 23 april 2000<\/p>\n\n\n\n<p>Stef Tuinstra orgel<\/p>\n\n\n\n<p>Concert 236, 27 november 1999<\/p>\n\n\n\n<p>Koperensemble en Anjo de Haan orgel<\/p>\n\n\n\n<p>Concert 235, 30 oktober 1999<\/p>\n\n\n\n<p>Jaap Zwart orgel<\/p>\n\n\n\n<p>Concert 234, 13 mei 1999<\/p>\n\n\n\n<p>Bert Matter orgel<\/p>\n\n\n\n<p>Concert 233, 5 april 1999<\/p>\n\n\n\n<p>Piet Wiersma orgel, wandelconcert: Gereformeerde Kerk (vrijgemaakt) en Hervormde Kerk.<\/p>\n\n\n\n<p>Concert 232, 28 november 1998<\/p>\n\n\n\n<p>Collegium Vocale Winsum o.l.v. Anjo de Haan, Koos Dijkhuizen orgel<\/p>\n\n\n\n<p>Concert 231, 26 september 1998<\/p>\n\n\n\n<p>Kees Steketee orgel<\/p>\n\n\n\n<p>Concert 230, 21 mei 1998<\/p>\n\n\n\n<p>Sietze de Vries orgel<\/p>\n\n\n\n<p>Concert 229, 13 april 1998<\/p>\n\n\n\n<p>Piet Wiersma orgel<\/p>\n\n\n\n<p>Concert 228, 13 december 1997<\/p>\n\n\n\n<p>Kees Steketee orgel, familie Abels draaiorgels.<\/p>\n\n\n\n<p>Concert 227, 8 mei 1997<\/p>\n\n\n\n<p>Jaap Zwart orgel<\/p>\n\n\n\n<p>Concert 226, 31 maart 1997<\/p>\n\n\n\n<p>Piet Wiersma orgel<\/p>\n\n\n\n<p>Concert 225, 14 december 1996<\/p>\n\n\n\n<p>Ensemble \u2018Sonus Vita\u2019 o.l.v. Anjo de Haan, instrumentaal ensemble, Wim Dalmaijer orgel<\/p>\n\n\n\n<p>Concert 224, 21 september 1996<\/p>\n\n\n\n<p>Jan Harryvan orgel<\/p>\n\n\n\n<p>Concert 223, 16 mei 1996<\/p>\n\n\n\n<p>Sander van Marion orgel<\/p>\n\n\n\n<p>Concert 222, 8 april 1996<\/p>\n\n\n\n<p>Piet Wiersma orgel<\/p>\n\n\n\n<p>Concert 221, 9 december 1995<\/p>\n\n\n\n<p>Christelijk Vrouwenkoor \u2018Sola Gratia\u2019 o.l.v. Ties Molenhuis, Koos Dijkhuizen orgel<\/p>\n\n\n\n<p>Concert 220, 26 september 1995<\/p>\n\n\n\n<p>Gronings Klarinetten ensemble o.l.v. Jan Hendriksen, Koos Tiggelaar orgel<\/p>\n\n\n\n<p>Concert 219, 25 mei 1995<\/p>\n\n\n\n<p>Willem Hendrik Zwart orgel, jubileumconcert 25 jaar Stichting Avondmuziek Uithuizermeeden<\/p>\n\n\n\n<p>Concert 218, 17 april 1995<\/p>\n\n\n\n<p>Charles de Wolff orgel<\/p>\n\n\n\n<p>Concert 217, 10 december 1994<\/p>\n\n\n\n<p>Gereformeerd Gemengd Koor \u2018Deo Dicatus\u2019 o.l.v. Bert Veening, Luuk Sikkema orgel, Ernst B\u00fcgel koorbegeleiding<\/p>\n\n\n\n<p>Concert 216, 12 november 1994<\/p>\n\n\n\n<p>Kam Lung Cheng viool, Ellen Dijkhuizen piano<\/p>\n\n\n\n<p>Concert 215, 15 oktober 1994<\/p>\n\n\n\n<p>Everhard Zwart orgel<\/p>\n\n\n\n<p>Concert 214, 17 september 1994<\/p>\n\n\n\n<p>Lauwers-consort o.l.v. Jan Pranger, Teun Juk orgel<\/p>\n\n\n\n<p>Concert 213, 18 juni 1994<\/p>\n\n\n\n<p>Kees Steketee orgel<\/p>\n\n\n\n<p>Concert 212, 12 mei 1994<\/p>\n\n\n\n<p>Piet Wiersma orgel<\/p>\n\n\n\n<p>Concert 211, 4 april 1994<\/p>\n\n\n\n<p>Kamerkoor \u2018Kvintus\u2019 (Tjechi\u00eb) o.l.v. Jan Stan\u011bk, Dirk Molenaar orgel<\/p>\n\n\n\n<p>Concert 210, 11 december 1993<\/p>\n\n\n\n<p>Zang ensemble van het IVAK o.l.v. Nanny ter Wiel, Klaas Veltman orgel<\/p>\n\n\n\n<p>Concert 209, 20 november 1993<\/p>\n\n\n\n<p>Wim Dalmaijer orgel en spinet, Greet van Dijk hobo, Anne van Dijk cello, Peter van der Wateren blokfluit<\/p>\n\n\n\n<p>Concert 208 16 oktober 1993<\/p>\n\n\n\n<p>Matthew Provost orgel<\/p>\n\n\n\n<p>Concert 207, 18 september 1993<\/p>\n\n\n\n<p>Theo Jellema orgel<\/p>\n\n\n\n<p>Concert 206, 29 juni 1993<\/p>\n\n\n\n<p>Bradford University Chamber Choir o.l.v. Graham Coatman, Graham Coatman orgel<\/p>\n\n\n\n<p>Concert 205, 19 juni 1993<\/p>\n\n\n\n<p>Vocaal Ensemble van de Algemene Muziekschool Zuid-Groningen o.l.v. Wim Dalmaijer, Instrumentaal Ensemble, Henk de Muinck orgel<\/p>\n\n\n\n<p>Concert 204, 20 mei 1993<\/p>\n\n\n\n<p>Sander van Marion orgel<\/p>\n\n\n\n<p>Concert 203, 12 april 1993<\/p>\n\n\n\n<p>\u2018Sonus et vita-consort\u2019 o.l.v. Anjo de Haan, Jelte Hulzebos orgel &nbsp;<\/p>\n\n\n\n<p>Concert 202, 12 december 1992<\/p>\n\n\n\n<p>Vrouwenkoor \u2018Sola Gratia\u2019 o.l.v. Ties Molenhuis, Diana van Kaam sopraan, Koos Dijkhuizen orgel<\/p>\n\n\n\n<p>Concert 201, 28 november 1992<\/p>\n\n\n\n<p>Veertien amateurorganisten<\/p>\n\n\n\n<p>Concert 200, 7 november 1992<\/p>\n\n\n\n<p>Stef Tuinstra orgel, Ronald Moelker blokfluit<\/p>\n\n\n\n<p>Concert 199, 26 september 1992<\/p>\n\n\n\n<p>Margreet Prinsen orgel en clavecymbel<\/p>\n\n\n\n<p>Concert 198, 13 juni 1992<\/p>\n\n\n\n<p>Vocaal Ensemble \u2018Amor Cantandi\u2019 o.l.v. Rintje te Wies, L\u00e9ontine van der Cammen cello, Henk Koster orgel<\/p>\n\n\n\n<p>Concert 197, 28 mei 1992<\/p>\n\n\n\n<p>Kees Steketee orgel<\/p>\n\n\n\n<p>Concert 196, 20 april 1992<\/p>\n\n\n\n<p>Caecilia-consort o.l.v. Jelke Hamersma, Maaike Zimmerman cello, Piet Wiersma orgel<\/p>\n\n\n\n<p>Concert 195, 7 december 1991<\/p>\n\n\n\n<p>Collegium Vocale Reformatum o.l.v. Jan Pranger, Roelof van Luit orgel<\/p>\n\n\n\n<p>Concert 194, 9 november 1991<\/p>\n\n\n\n<p>Vincent van Laar orgel<\/p>\n\n\n\n<p>Concert 193, 12 oktober 1991<\/p>\n\n\n\n<p>Interkerkelijke Cantorij Uithuizermeeden o.l.v. Theo van der Burg, Meister Consort o.l.v. Anjo de Haan, Wim Dalmaijer orgel<\/p>\n\n\n\n<p>Concert 192, 14 september 1991<\/p>\n\n\n\n<p>Mannenkoor \u2018Laus Deo\u2019 Warffum o.l.v. Jelke Hamersma, Janny de Vries orgel<\/p>\n\n\n\n<p>Concert 191, 8 juni 1991<\/p>\n\n\n\n<p>Piet Wiersma orgel<\/p>\n\n\n\n<p>Concert 190, 9 mei 1991<\/p>\n\n\n\n<p>Charles de Wolff orgel<\/p>\n\n\n\n<p>Concert 189, 1 april 1991<\/p>\n\n\n\n<p>Caecilia-consort o.l.v. Jelke Hamersma, strijkersensemble, Piet Wiersma orgel<\/p>\n\n\n\n<p>Concert 188, 15 december 1990<\/p>\n\n\n\n<p>Vocaal ensemble \u2018Cantabil\u00e9\u2019 o.l.v. Henk de Muinck, Hanneke van Veen fluit, Wim Dalmaijer orgel<\/p>\n\n\n\n<p>Concert 187, 3 november 1990<\/p>\n\n\n\n<p>Noord-Groninger Kamerkoor o.l.v. Jan Pranger, Anjo de Haan orgel<\/p>\n\n\n\n<p>Concert 186, 13 oktober 1990<\/p>\n\n\n\n<p>Interkerkelijke Cantorij Uithuizermeeden o.l.v. Theo van der Burg, Meister Consort o.l.v. Anjo de Haan, Henk Jan van Warners slagwerk, Koos Dijkhuizen orgel<\/p>\n\n\n\n<p>Concert 185, 22 september 1990<\/p>\n\n\n\n<p>Tien amateurorganisten<\/p>\n\n\n\n<p>Concert 184, 8 september 1990<\/p>\n\n\n\n<p>Kees Steketee orgel<\/p>\n\n\n\n<p>Concert 183, 18 augustus 1990<\/p>\n\n\n\n<p>Piet Wiersma orgel<\/p>\n\n\n\n<p>Concert 182, 23 juni 1990<\/p>\n\n\n\n<p>Henk Valk orgel<\/p>\n\n\n\n<p>Concert 181, 24 mei 1990<\/p>\n\n\n\n<p>Charles de Wolf orgel<\/p>\n\n\n\n<p>Concert 180, 16 april 1990<\/p>\n\n\n\n<p>Caeciliaconsort o.l.v. Jelke Hamersma, strijkersensemble, Piet Wiersma orgel<\/p>\n\n\n\n<p>Concert 179, 23 december 1989<\/p>\n\n\n\n<p>Christelijk vrouwenkoor \u2018Sola Gratia\u2019 o.l.v. Ties Molenhuis, Henk Koster orgel<\/p>\n\n\n\n<p>Concert 178, 4 november 1989<\/p>\n\n\n\n<p>Theo Jellema orgel<\/p>\n\n\n\n<p>Concert 177, 14 oktober 1989<\/p>\n\n\n\n<p>Pieter Pilon orgel<\/p>\n\n\n\n<p>Concert 176, 27 september 1989<\/p>\n\n\n\n<p>Henk Veldman orgel, Leonore Lub orgel<\/p>\n\n\n\n<p>Concert 175, 8 juli 1989<\/p>\n\n\n\n<p>Ellen Dijkhuizen piano, Chris Braam viool<\/p>\n\n\n\n<p>Concert 174, 10 juni 1989<\/p>\n\n\n\n<p>Christelijk Mannenkoor \u2018Het Hogeland\u2019 o.l.v. Jan Pranger, Roelof van Luit orgel en piano, Teun Juk orgel<\/p>\n\n\n\n<p>Concert 173, 6 mei 1989<\/p>\n\n\n\n<p>Henk de Muinck orgel, Jan de Lange trompet<\/p>\n\n\n\n<p>Concert 172, 27 maart 1989<\/p>\n\n\n\n<p>Caeciliaconsort o.l.v. Jelke Hamersma, Piet Wiersma orgel<\/p>\n\n\n\n<p>Concert 171, 10 december 1988<\/p>\n\n\n\n<p>Piet Wiersma orgel<\/p>\n\n\n\n<p>Concert 170, 12 november 1988<\/p>\n\n\n\n<p>Hervormd Kerkkoor o.l.v. Dia Molema, blokfluitensemble \u2018Les Etournaux\u2019, Ruud Wijnalda cello, Wim Dalmaijer orgel&nbsp;<\/p>\n\n\n\n<p>Concert 169, 8 oktober 1988<\/p>\n\n\n\n<p>Wilfried Promnitz orgel<\/p>\n\n\n\n<p>Concert 168, 10 september 1988<\/p>\n\n\n\n<p>Kees Steketee orgel, Siska Sennema blokfluit, Matthijs ter Wiel cello, Wim Dalmaijer spinet<\/p>\n\n\n\n<p>Concert 167, 2 juli 1988<\/p>\n\n\n\n<p>Szegedi Szt. Gell\u00e9rt Ennekkar o.l.v. Istvan Lajos, Alice Lajosn\u00e8 orgel<\/p>\n\n\n\n<p>Concert 166, 25 juni 1988<\/p>\n\n\n\n<p>Zestien amateurorganisten<\/p>\n\n\n\n<p>Concert 165, 11 juni 1988<\/p>\n\n\n\n<p>Noord-Groninger Kamerkoor o.l.v. Jan Pranger, Henk Valk orgel<\/p>\n\n\n\n<p>Concert 164, 7 mei 1988<\/p>\n\n\n\n<p>Vincent van Laar orgel<\/p>\n\n\n\n<p>Concert 163, 4 april 1988<\/p>\n\n\n\n<p>Caeciliaconsort o.l.v. Jelke Hamersma, instrumentaal ensemble, Piet Wiersma orgel<\/p>\n\n\n\n<p>Concert 162, 19 maart 1988<\/p>\n\n\n\n<p>Wim Opgelder orgel<\/p>\n\n\n\n<p>Concert 161, 19 december 1987<\/p>\n\n\n\n<p>Interkerkelijke Cantorij Uithuizermeeden o.l.v. Theo van der Burg, Teun Juk orgel<\/p>\n\n\n\n<p>Concert 160, 7 november 1987<\/p>\n\n\n\n<p>Piet Wiersma orgel<\/p>\n\n\n\n<p>Concert 159, 10 oktober 1987<\/p>\n\n\n\n<p>Christelijk vrouwenkoor \u2018Sola gratia\u2019 o.l.v. Ties Molenhuis, Dia Molema koororgel, Koos Dijkhuizen orgel<\/p>\n\n\n\n<p>Concert 158, 12 september 1987<\/p>\n\n\n\n<p>Kees Steketee orgel en piano, Henk Veldman synthesizer, Henk Smit marimba en slagwerk<\/p>\n\n\n\n<p>Concert 157, 11 juli 1987<\/p>\n\n\n\n<p>Charles de Wolff orgel<\/p>\n\n\n\n<p>Concert 156, 13 juni 1987<\/p>\n\n\n\n<p>Gereformeerd Vocaal Ensemble o.l.v. Henk Valk, strijkersensemble, Henk Valk orgel<\/p>\n\n\n\n<p>Concert 155, 30 mei 1987<\/p>\n\n\n\n<p>Zeventien amateurorganisten<\/p>\n\n\n\n<p>Concert 154, 2 mei 1987<\/p>\n\n\n\n<p>Stef Tuinstra orgel<\/p>\n\n\n\n<p>Concert 153, 20 april 1987<\/p>\n\n\n\n<p>Caeciliaconsort o.l.v. Jelke Hamersma, instrumentaal ensemble<\/p>\n\n\n\n<p>Concert 152, 14 maart 1987<\/p>\n\n\n\n<p>Sander van Marion orgel<\/p>\n\n\n\n<p>Concert 151, 20 december 1986<\/p>\n\n\n\n<p>Christelijk mannenkoor \u2018Het Hogeland\u2019 o.l.v. Bruno Riemeijer, Euwe de Jong orgel<\/p>\n\n\n\n<p>Concert 150, 15 november 1986<\/p>\n\n\n\n<p>Dertien amateurorganisten<\/p>\n\n\n\n<p>Concert 149, 18 oktober 1986<\/p>\n\n\n\n<p>Wim Opgelder orgel<\/p>\n\n\n\n<p>Concert 148, 1 oktober 1986<\/p>\n\n\n\n<p>Klaas Jan Mulder orgel<\/p>\n\n\n\n<p>Concert 147, 23 augustus 1986<\/p>\n\n\n\n<p>Keith Bond orgel<\/p>\n\n\n\n<p>Concert 146, 19 juli 1986<\/p>\n\n\n\n<p>Piet Wiersma orgel<\/p>\n\n\n\n<p>Concert 145, 14 juni 1986<\/p>\n\n\n\n<p>Winschoter Kamerkoor o.l.v. Johan Brouwer, Johan Brouwer orgel en clavecimbel &nbsp;<\/p>\n\n\n\n<p>Concert 144, 3 mei 1986<\/p>\n\n\n\n<p>Hervormd Kerkkoor Uithuizermeeden o.l.v. Harry Veldman, strijkers- en blokfluitensemble, Koos Dijkhuizen orgel<\/p>\n\n\n\n<p>Concert 143, 19 april 1986<\/p>\n\n\n\n<p>Negen amateurorganisten<\/p>\n\n\n\n<p>Concert 142, 31 maart 1986<\/p>\n\n\n\n<p>Christelijk Vocaal Ensemble Warffum o.l.v. Jelke Hamersma, Ties Molenhuis orgel<\/p>\n\n\n\n<p>Concert 141, 8 maart 1986<\/p>\n\n\n\n<p>Peter Westerbrink orgel<\/p>\n\n\n\n<p>Concert 140, 14 december 1985<\/p>\n\n\n\n<p>Nanny ter Wiel sopraan, Carel Emmerink luit, Wil Dalmaijer orgel<\/p>\n\n\n\n<p>Concert 139, 9 november 1985<\/p>\n\n\n\n<p>Elly Kooiman orgel<\/p>\n\n\n\n<p>Concert 138, 12 oktober 1985<\/p>\n\n\n\n<p>Ensemble \u2018Lage der Aa\u2019 Groningen, Jelte Hulzebos orgel<\/p>\n\n\n\n<p>Concert 137, 14 september 1985<\/p>\n\n\n\n<p>Jos van der Kooy orgel, jubileumconcert 200 jaar Hinsz-orgel<\/p>\n\n\n\n<p>Concert 136, 13 juli 1985<\/p>\n\n\n\n<p>Carel van Aurich orgel<\/p>\n\n\n\n<p>Concert 135, 22 juni 1985<\/p>\n\n\n\n<p>Veertien amateurorganisten, presentatie LP 200 jaar Hinsz-orgel<\/p>\n\n\n\n<p>Concert 134, 8 juni 1985<\/p>\n\n\n\n<p>Piet Wiersma orgel<\/p>\n\n\n\n<p>Concert 133, 11 mei 1985<\/p>\n\n\n\n<p>Herman van Vliet orgel<\/p>\n\n\n\n<p>Concert 132, 8 april 1985<\/p>\n\n\n\n<p>Christelijk Vocaal Ensemble Warffum en instrumentaal ensemble o.l.v. Jelke Hamersma, Ties Molenhuis orgel<\/p>\n\n\n\n<p>Concert 131, 9 maart 1985<\/p>\n\n\n\n<p>Vincent van Laar orgel<\/p>\n\n\n\n<p>Concert 130, 22 december 1984<\/p>\n\n\n\n<p>Christelijk vrouwenkoor \u2018Sola gratia\u2019 o.l.v. Ties Molenhuis, instrumentaal trio, Euwe de Jong orgel<\/p>\n\n\n\n<p>Concert 129, 10 november 1984<\/p>\n\n\n\n<p>Mirjam Kok dwarsfluit, John koning gitaar, Koos Dijkhuizen orgel<\/p>\n\n\n\n<p>Concert 128, 13 oktober 1984<\/p>\n\n\n\n<p>Vocaal Ensemble muziekschool \u2018Zuid Groningen\u2019 o.l.v. Wim Dalmaijer, Jacqueline Darmois sopraan, Kees Steketee orgel<\/p>\n\n\n\n<p>Concert 127, 8 september 1984<\/p>\n\n\n\n<p>Henk Valk orgel<\/p>\n\n\n\n<p>Concert 126, 4 augustus 1984<\/p>\n\n\n\n<p>Cees van Walsum orgel<\/p>\n\n\n\n<p>Concert 125, 9 juni 1984<\/p>\n\n\n\n<p>Jan Bonefaas orgel<\/p>\n\n\n\n<p>Concert 124, 12 mei 1984<\/p>\n\n\n\n<p>Kees van Eersel orgel<\/p>\n\n\n\n<p>Concert 123, 23 april 1984<\/p>\n\n\n\n<p>Vocaal Ensemble Warffum o.l.v. Jelke Hamersma, Ties Molenhuis orgel<\/p>\n\n\n\n<p>Concert 122, 10 maart 1984<\/p>\n\n\n\n<p>Piet Wiersma orgel<\/p>\n\n\n\n<p>Concert 121, 12 november 1983<\/p>\n\n\n\n<p>Gronings Strijkersensemble o.l.v. Wim ten Have, Wim Dalmaijer orgel<\/p>\n\n\n\n<p>Concert 120, 22 oktober 1983<\/p>\n\n\n\n<p>Der Jugendchor an der Konstanzer Kirche Ditzingen o.l.v. Werner Schumacher, Piet Wiersma orgel<\/p>\n\n\n\n<p>Concert 119, 24 september 1983<\/p>\n\n\n\n<p>Trombonekwartet o.l.v. Sipke Bakker, Kees Steketee orgel<\/p>\n\n\n\n<p>Concert 118, 27 augustus 1983<\/p>\n\n\n\n<p>Dirk Jansz. Zwart orgel<\/p>\n\n\n\n<p>Concert 117, 2 juli 1983<\/p>\n\n\n\n<p>Christelijk vrouwenkoor \u2018Sola gratia\u2019 o.l.v. Ties Molenhuis, Pieter Pilon orgel&nbsp;<\/p>\n\n\n\n<p>Concert 116, 11 juni 1983<\/p>\n\n\n\n<p>Stef Tuinstra orgel<\/p>\n\n\n\n<p>Concert 115, 14 mei 1983<\/p>\n\n\n\n<p>Carel van Aurich orgel, Marion Kamp fluit, Wim Dalmaijer spinet<\/p>\n\n\n\n<p>Concert 114, 16 april 1983<\/p>\n\n\n\n<p>Jos van der Kooy orgel<\/p>\n\n\n\n<p>Concert 113, 19 maart 1983<\/p>\n\n\n\n<p>Anco Ezinga orgel<\/p>\n\n\n\n<p>Concert 112, 20 november 1982<\/p>\n\n\n\n<p>Blaaskwintet \u2018Kwintesens\u2019, Wim Dalmaijer orgel<\/p>\n\n\n\n<p>Concert 111, 30 oktober 1982<\/p>\n\n\n\n<p>Gereformeerd Vocaal Ensemble o.l.v. Henk Valk, Henk Valk orgel<\/p>\n\n\n\n<p>Concert 110, 2 oktober 1982<\/p>\n\n\n\n<p>Willem Hendrik Zwart orgel<\/p>\n\n\n\n<p>Concert 109, 4 september 1982<\/p>\n\n\n\n<p>Mirjam Kok fluit, John Koning gitaar, Koos Dijkhuizen orgel<\/p>\n\n\n\n<p>Concert 108, 3 juli 1982<\/p>\n\n\n\n<p>Charles de Wolff orgel<\/p>\n\n\n\n<p>Concert 107, 5 juni 1982<\/p>\n\n\n\n<p>Wim van Beek orgel<\/p>\n\n\n\n<p>Concert 106, 15 mei 1982<\/p>\n\n\n\n<p>Peter Westerbrink orgel<\/p>\n\n\n\n<p>Concert 105, 17 april 1982<\/p>\n\n\n\n<p>Henk Gijzen orgel, Trombonekwartet van Stedelijk Conservatorium Groningen<\/p>\n\n\n\n<p>Concert 104, 20 maart 1982<\/p>\n\n\n\n<p>Christelijk Fivelkamerkoor o.l.v. Ties Molenhuis, Piet Wiersma orgel&nbsp;<\/p>\n\n\n\n<p>Concert 103, 21 november 1981<\/p>\n\n\n\n<p>Kamerkoor Middelstum o.l.v. Kees Steketee, Wim Dalmaijer orgel<\/p>\n\n\n\n<p>Concert 102, 24 oktober 1981<\/p>\n\n\n\n<p>Henk de Muinck orgel, Ab Keizer hobo, Jojo van Roy-Haanstra sopraan<\/p>\n\n\n\n<p>Concert 101, 26 september 1981<\/p>\n\n\n\n<p>Bram Beekman orgel<\/p>\n\n\n\n<p>Concert 100, 29 augustus 1981<\/p>\n\n\n\n<p>Piet Wiersma orgel<\/p>\n\n\n\n<p>Concert 99, 27 juni 1981<\/p>\n\n\n\n<p>Charles de Wolff orgel<\/p>\n\n\n\n<p>Concert 98, 6 juni 1981<\/p>\n\n\n\n<p>John Kruisman en Jan Kuiper gitaar, Siewert Pilon orgel<\/p>\n\n\n\n<p>Concert 97, 2 mei 1981<\/p>\n\n\n\n<p>Cantorij Groninger Studentenpastoraat o.l.v. Gerrit Jan Niemeijer, Johan Beeftink orgel<\/p>\n\n\n\n<p>Concert 96, 4 april 1981<\/p>\n\n\n\n<p>Ensemble \u2018Asingakring\u2019, Kees Steketee orgel<\/p>\n\n\n\n<p>Concert 95, 7 maart 1981<\/p>\n\n\n\n<p>Anco Ezinga orgel<\/p>\n\n\n\n<p>Concert 94, 29 november 1980<\/p>\n\n\n\n<p>Interkerkelijke jeugdcantorij en instrumentaal ensemble o.l.v. Koos Dijkhuizen, Jelte Hulzebos<\/p>\n\n\n\n<p>Concert 93, 8 november 1980<\/p>\n\n\n\n<p>Consortium Vocale \u2018Leoverdia\u2019 o.l.v. Gerrit Hulsink<\/p>\n\n\n\n<p>Concert 92, 18 oktober 1980<\/p>\n\n\n\n<p>Vocaal Ensemble o.l.v. Jelke Hamersma, Ties Molenhuis orgel<\/p>\n\n\n\n<p>Concert 91, 6 september 1980<\/p>\n\n\n\n<p>Charles de Wolf orgel, Margreth Lutighuizen sopraan<\/p>\n\n\n\n<p>Concert 90, 30 augustus 1980<\/p>\n\n\n\n<p>Wim van Beek orgel<\/p>\n\n\n\n<p>Concert 89, 28 juni 1980<\/p>\n\n\n\n<p>Anco Ezinga orgel<\/p>\n\n\n\n<p>Concert 88, 17 mei 1980<\/p>\n\n\n\n<p>Dina Kamps fluit, Boukje Gerritsma viool, Margreet Prinsen klavecimbel, Jan Weessies orgel<\/p>\n\n\n\n<p>Concert 87, 26 april 1980<\/p>\n\n\n\n<p>Bert Matter orgel<\/p>\n\n\n\n<p>Concert 86, 29 maart 1980<\/p>\n\n\n\n<p>Henk de Muinck en Wim Dalmaijer orgel<\/p>\n\n\n\n<p>Concert 85, 8 maart 1980<\/p>\n\n\n\n<p>Piet Wiersma orgel<\/p>\n\n\n\n<p>Concert 84, 17 november 1979<\/p>\n\n\n\n<p>Interkerkelijke jeugdcantorij en speelgroep Appingedam o.l.v. Koos Dijkhuizen, Wim Dalmaijer orgel<\/p>\n\n\n\n<p>Concert 83, 20 oktober 1979<\/p>\n\n\n\n<p>Dirk Jansz. Zwart orgel<\/p>\n\n\n\n<p>Concert 82, 22 september 1979<\/p>\n\n\n\n<p>John Kruisman en Jan Kuiper gitaar, Carel van Aurich orgel<\/p>\n\n\n\n<p>Concert 81, 1 september 1979<\/p>\n\n\n\n<p>Keith Bond orgel<\/p>\n\n\n\n<p>Concert 80, 7 juli 1979<\/p>\n\n\n\n<p>Marek Kudlicky orgel<\/p>\n\n\n\n<p>Concert 79, 24 mei 1979<\/p>\n\n\n\n<p>Charles de Wolf orgel<\/p>\n\n\n\n<p>Concert 78, 5 mei 1979<\/p>\n\n\n\n<p>Cantorij gereformeerde kerk Winschoten o.l.v. Herman Hoogakker, Cees van Walsum orgel<\/p>\n\n\n\n<p>Concert 77, 31 maart 1979<\/p>\n\n\n\n<p>Piet Wiersma orgel<\/p>\n\n\n\n<p>Concert 76, 3 maart 1979<\/p>\n\n\n\n<p>Aly van der Laan orgel, Yvonne van der Berg fluit<\/p>\n\n\n\n<p>Concert 75, 4 november 1978<\/p>\n\n\n\n<p>Interkerkelijke Jeugdcantorij en speelgroep Appingedam o.l.v. Koos Dijkhuizen, Carel van Aurich orgel<\/p>\n\n\n\n<p>Concert 74, 7 oktober 1978<\/p>\n\n\n\n<p>Cantorij Studentenpastoraat Groningen o.l.v. Gerrit Jan Niemeyer, Johan Beeftink orgel<\/p>\n\n\n\n<p>Concert 73, 9 september 1978<\/p>\n\n\n\n<p>Willem Hendrik Zwart orgel<\/p>\n\n\n\n<p>Concert 72, 5 augustus 1978<\/p>\n\n\n\n<p>Charles de Wolff orgel<\/p>\n\n\n\n<p>Concert 71, 1 juli 1978<\/p>\n\n\n\n<p>Leendert Runie fluit, Liuwe Tamminga orgel<\/p>\n\n\n\n<p>Concert 70, 3 juni 1978<\/p>\n\n\n\n<p>Stef Tuinstra orgel<\/p>\n\n\n\n<p>Concert 69, 4 mei 1977<\/p>\n\n\n\n<p>Ensemble \u2018Merlijn\u2019<\/p>\n\n\n\n<p>Concert 68, 8 april 1978<\/p>\n\n\n\n<p>Piet Wiersma orgel<\/p>\n\n\n\n<p>Concert 67, 11 maart 1978<\/p>\n\n\n\n<p>Bram Beekman orgel<\/p>\n\n\n\n<p>Concert 66, 12 november 1977<\/p>\n\n\n\n<p>Henk Valk orgel, Lientje Verkuyl fluit<\/p>\n\n\n\n<p>Concert 65, 15 oktober 1977<\/p>\n\n\n\n<p>Koos Dijkhuizen orgel, Anne Dijkstra hobo, Adry Houtsma spinet<\/p>\n\n\n\n<p>Concert 64, 24 september 1977<\/p>\n\n\n\n<p>Willem Hendrik Zwart orgel<\/p>\n\n\n\n<p>Concert 63, 20 augustus 1977<\/p>\n\n\n\n<p>Piet Wiersma orgel<\/p>\n\n\n\n<p>Concert 62, 18 juni 1977<\/p>\n\n\n\n<p>Ab Keizer hobo, Reinier Hoogerheide klarinet, Henk Soeteman hoorn, Henk Valk orgel<\/p>\n\n\n\n<p>Concert 61, 19 mei 1977<\/p>\n\n\n\n<p>Ensemble \u2018Consortium Melanie\u2019<\/p>\n\n\n\n<p>Concert 60, 23 april 1977<\/p>\n\n\n\n<p>Madrigaalkoor \u2018Cantate Deo\u2019 en blokfluit ensemble o.l.v. C. Giesing, Jan Dijkstra virginaal, Jan van Beyeren orgel<\/p>\n\n\n\n<p>Concert 59, 26 maart 1977<\/p>\n\n\n\n<p>Stef Tuinstra orgel en clavecymbel<\/p>\n\n\n\n<p>Concert 58, 5 maart 1977<\/p>\n\n\n\n<p>Hans van Nieuwkoop orgel<\/p>\n\n\n\n<p>Concert 57, 11 december 1976<\/p>\n\n\n\n<p>Interkerkelijke kinder- en jeugdcantorij Appingedam o.l.v. Koos Dijkhuizen, Wim Dalmaijer orgel<\/p>\n\n\n\n<p>Concert 56, 6 november 1976<\/p>\n\n\n\n<p>Piet Wiersma orgel<\/p>\n\n\n\n<p>Concert 55, 25 september 1976<\/p>\n\n\n\n<p>Ensemble de \u2018Asingakring\u2019, Koos Dijkhuizen orgel&nbsp;<\/p>\n\n\n\n<p>Concert 54, 28 augustus 1976<\/p>\n\n\n\n<p>Keith Bond orgel<\/p>\n\n\n\n<p>Concert 53, 26 juni 1976<\/p>\n\n\n\n<p>Winschoter Kamerkoor o.l.v. Johan Brouwer, Johan Brouwer orgel en clavecymbel<\/p>\n\n\n\n<p>Concert 52, 27 mei 1976<\/p>\n\n\n\n<p>Ensemble \u2018Banchetto Musicale\u2019, Jan Weessies orgel<\/p>\n\n\n\n<p>Concert 51, 24 april 1976<\/p>\n\n\n\n<p>Margreet M\u00f6hringer viool, Ab Keizer hobo, Wim Dalmayer spinet, Henk Valk orgel<\/p>\n\n\n\n<p>Concert 50, 27 maart 1976<\/p>\n\n\n\n<p>Albert de Klerk orgel<\/p>\n\n\n\n<p>Concert 49, 6 maart 1976<\/p>\n\n\n\n<p>Anco Ezinga orgel<\/p>\n\n\n\n<p>Concert 48, 1 november 1975<\/p>\n\n\n\n<p>Christelijk dameskoor Uithuizermeeden o.l.v. Klaas Krijgsheld, Piet Wiersma orgel<\/p>\n\n\n\n<p>Concert 47, 18 oktober 1975<\/p>\n\n\n\n<p>Madrigaalkoor \u2018Cantate Deo\u2019 Leeuwarden o.l.v. C. Giesing, Liuwe Tamminga orgel, Broer Giesing altblokfluit, Jan Dijkstra spinet<\/p>\n\n\n\n<p>Concert 46, 20 september 1975<\/p>\n\n\n\n<p>Jan Welmers orgel<\/p>\n\n\n\n<p>Concert 45, 23 augustus 1975<\/p>\n\n\n\n<p>Netty Swart viool, Koos Dijkhuizen spinet, Jos Post Uiterweer cello, Wim Dalmaijer orgel<\/p>\n\n\n\n<p>Concert 44, 21 juni 1975<\/p>\n\n\n\n<p>Jelte Hulzebos orgel, Interkerkelijke Kindercantorij en speelgroep Appingedam o.l.v. Koos Dijkhuizen<\/p>\n\n\n\n<p>Concert 43, 31 mei 1975<\/p>\n\n\n\n<p>Jeugdcantorij Nieuwe Kerk Groningen o.l.v. Evert Westra, Evert Westra orgel<\/p>\n\n\n\n<p>Concert 42, 3 mei 1975<\/p>\n\n\n\n<p>Henk Valk orgel, Grietje Veldman dwarsfluit, Wim Dalmaijer spinet<\/p>\n\n\n\n<p>Concert 41, 19 april 1975<\/p>\n\n\n\n<p>Wim van Beek orgel<\/p>\n\n\n\n<p>Concert 40, 8 maart 1975<\/p>\n\n\n\n<p>Johan van Dommele orgel<\/p>\n\n\n\n<p>Concert 39, 16 november 1974<\/p>\n\n\n\n<p>Trieneke Geertsema sopraan, Johan Beeftink orgel<\/p>\n\n\n\n<p>Concert 38, 26 oktober 1974<\/p>\n\n\n\n<p>Meisjeskoor \u2018Com nu met sangh\u2019 o.l.v. Herman Hoogakker, Wim Dalmaijer orgel<\/p>\n\n\n\n<p>Concert 37, 3 oktober 1974<\/p>\n\n\n\n<p>Jaap Zwart orgel<\/p>\n\n\n\n<p>Concert 36, 7 september 1974<\/p>\n\n\n\n<p>Johann Th. Lemckert orgel<\/p>\n\n\n\n<p>Concert 35, 17 augustus 1974<\/p>\n\n\n\n<p>Het Renaissance-collectief, Koos Dijkhuizen orgel<\/p>\n\n\n\n<p>Concert 34, 15 juni 1974<\/p>\n\n\n\n<p>Stef Tuinstra orgel en clavecymbel<\/p>\n\n\n\n<p>Concert 33, 25 mei 1974<\/p>\n\n\n\n<p>Anco Ezinga orgel<\/p>\n\n\n\n<p>Concert 32, 20 april 1974<\/p>\n\n\n\n<p>Cantorij gereformeerde kerk Winschoten o.l.v. Herman Hoogakker, Cees van Walsum orgel<\/p>\n\n\n\n<p>Concert 31, 16 maart 1974<\/p>\n\n\n\n<p>Piet Wiersma orgel<\/p>\n\n\n\n<p>Concert 30, 17 november 1973<\/p>\n\n\n\n<p>Theo v.d. Burg solozang, Koos Dijkhuizen spinet, Jan van Hemert orgel<\/p>\n\n\n\n<p>Concert 29, 15 september 1973<\/p>\n\n\n\n<p>Nanny ter Wiel-de Boer sopraan, Jan Weesies orgel<\/p>\n\n\n\n<p>Concert 28, 18 augustus 1973<\/p>\n\n\n\n<p>Boukje Gerritsma viool, Harry Hulst cello, Wim van Beek orgel<\/p>\n\n\n\n<p>Concert 27, 7 juli 1973<\/p>\n\n\n\n<p>Johan Brouwer, orgel en cembalo<\/p>\n\n\n\n<p>Concert 26, 7 juni 1973<\/p>\n\n\n\n<p>Feike Asma orgel<\/p>\n\n\n\n<p>Concert 25, 12 mei 1973<\/p>\n\n\n\n<p>Piet Post orgel, Noorder Madrigaalkoor en gemengde zangvereniging Winschoten en solisten o.l.v. Johan Brouwer<\/p>\n\n\n\n<p>Concert 24, 14 april 1973<\/p>\n\n\n\n<p>Ton van der Meer orgel, Ab Keizer hobo<\/p>\n\n\n\n<p>Concert 23, 10 maart 1973<\/p>\n\n\n\n<p>Jan Jongepier orgel, Ida de Vries dwarsfluit<\/p>\n\n\n\n<p>Concert 22, 14 oktober 1972<\/p>\n\n\n\n<p>Marten Nap tenor, Lineke van der Woude alt-blokfluit, Johan Brouwer clavecymbel, Anco Ezinga orgel<\/p>\n\n\n\n<p>Concert 21, 16 september 1972<\/p>\n\n\n\n<p>\u2018De Bazuin\u2019 o.l.v. Bert Kosmeyer, Jan Weessies orgel<\/p>\n\n\n\n<p>Concert 20, 19 augustus 1972<\/p>\n\n\n\n<p>Dina Kamps traverso, Folkert Grondsma orgel<\/p>\n\n\n\n<p>Concert 19, 24 juni 1972<\/p>\n\n\n\n<p>Ton Koopman orgel en clavecymbel<\/p>\n\n\n\n<p>Concert 18, 27 mei 1972<\/p>\n\n\n\n<p>Christelijk Dameskoor o.l.v. Jan Zuidema, Koos Dijkhuizen orgel<\/p>\n\n\n\n<p>Concert 17, 6 mei 1972<\/p>\n\n\n\n<p>Cees van Walsum orgel, Anne Dijkstra hobo, Lina Reinders spinet<\/p>\n\n\n\n<p>Concert 16, 8 april 1972&nbsp;&nbsp;&nbsp;&nbsp;&nbsp;<\/p>\n\n\n\n<p>Noordelijk madrigaalkoor en een instrumentaal ensemble o.l.v. Johan Brouwer, Johan Brouwer orgel<\/p>\n\n\n\n<p>Concert 15, 11 maart 1972<\/p>\n\n\n\n<p>Piet Wiersma orgel, Pieter Huizinga fluit<\/p>\n\n\n\n<p>Concert 14, 27 november 1971<\/p>\n\n\n\n<p>Nanny ter Wiel-de Boer mezzo-sopraan, Margriet Middel alt, Wim Dalmaijer orgel<\/p>\n\n\n\n<p>Concert 13, 30 oktober 1971<\/p>\n\n\n\n<p>Boukje Gerritsma viool, Harry Hulst violoncello, Ko de Wolf spinet en orgel<\/p>\n\n\n\n<p>Concert 12, 2 oktober 1971<\/p>\n\n\n\n<p>Dirk Jansz. Zwart orgel<\/p>\n\n\n\n<p>Concert 11, 21 augustus 1971<\/p>\n\n\n\n<p>Renske van der Meer blokfluit, Cees van Walsum orgel en spinet<\/p>\n\n\n\n<p>Concert 10, 26 juni 1971<\/p>\n\n\n\n<p>Blaasquintet Leeuwarden, Koos Dijkhuizen orgel<\/p>\n\n\n\n<p>Concert 9, 8 mei 1971<\/p>\n\n\n\n<p>Dameskoor \u2018Bel Canto\u2019 o.l.v. L.G. v.d. Glas, Anco Ezinga orgel<\/p>\n\n\n\n<p>Concert 8, 6 maart 1971<\/p>\n\n\n\n<p>Interkerkelijke cantorij Haren o.l.v. Gerrit Niemeijer, Johan Beeftink orgel<\/p>\n\n\n\n<p>Concert 7, 30 januari 1971<\/p>\n\n\n\n<p>Christelijke Muziekvereniging \u2018De Bazuin\u2019 Uithuizen o.l.v. A.H. Kosmeier, Wim Dalmeijer orgel<\/p>\n\n\n\n<p>Concert 6, 21 november 1970<\/p>\n\n\n\n<p>Groninger studentenorkest \u2018Mira\u2019, Groninger studentenkoor en solisten, leiding en orgel Folkert Grondsma<\/p>\n\n\n\n<p>Concert 5, 31 oktober 1970<\/p>\n\n\n\n<p>Mannenkoor Uithuizermeeden o.l.v. Top, Piet Wiersma orgel<\/p>\n\n\n\n<p>Concert 4, 26 september 1970<\/p>\n\n\n\n<p>Interkerkelijke cantorij Haren o.l.v. Gerrit Jan Niemeijer, Wim van Beek orgel<\/p>\n\n\n\n<p>Concert 3, 1 augustus 1970<\/p>\n\n\n\n<p>Gijsbert Lekkerkerker orgel, Diny van Wageningen-Zwarteveen solozang<\/p>\n\n\n\n<p>Concert 2, 6 juni 1970<\/p>\n\n\n\n<p>Chr. Dameskoor Uithuizermeeden o.l.v. Jan Zuidema, Wim Dalmaijer orgel<\/p>\n\n\n\n<p>Concert 1, 14 maart 1970<\/p>\n\n\n\n<p>Kinderkoor \u2018Fris en vrolijk\u2019 Baflo, blokfluitgroepen, orgel, spinet, J.J. Dijkhuizen, Wim Dalmaijer<\/p>\n\n\n\n<p><br><br><\/p>\n\n\n\n<p><\/p>\n","protected":false},"excerpt":{"rendered":"<p>Concert 318, 6 april 2026 Kamerkoor Tira\u00f1a o.l.v. Tymen Jan Bronda verzorgde een programma met als thema &#8216;passie voor Pasen&#8217;. Medewerking werd verleend door een barokorkest en door William Knight (tenor) en David Greco (bas). Er werden koorwerken uitgevoerd van Byrd, Sch\u00fctz, Lotti, J.L. Bach en J.S. Bach. Ruim 100 bezoekers waren afgekomen op dit [&hellip;]<\/p>\n","protected":false},"author":2,"featured_media":0,"parent":0,"menu_order":0,"comment_status":"closed","ping_status":"closed","template":"","meta":{"footnotes":""},"class_list":["post-30","page","type-page","status-publish","hentry"],"_links":{"self":[{"href":"https:\/\/avondmuziekuithuizermeeden.nl\/index.php?rest_route=\/wp\/v2\/pages\/30","targetHints":{"allow":["GET"]}}],"collection":[{"href":"https:\/\/avondmuziekuithuizermeeden.nl\/index.php?rest_route=\/wp\/v2\/pages"}],"about":[{"href":"https:\/\/avondmuziekuithuizermeeden.nl\/index.php?rest_route=\/wp\/v2\/types\/page"}],"author":[{"embeddable":true,"href":"https:\/\/avondmuziekuithuizermeeden.nl\/index.php?rest_route=\/wp\/v2\/users\/2"}],"replies":[{"embeddable":true,"href":"https:\/\/avondmuziekuithuizermeeden.nl\/index.php?rest_route=%2Fwp%2Fv2%2Fcomments&post=30"}],"version-history":[{"count":98,"href":"https:\/\/avondmuziekuithuizermeeden.nl\/index.php?rest_route=\/wp\/v2\/pages\/30\/revisions"}],"predecessor-version":[{"id":1035,"href":"https:\/\/avondmuziekuithuizermeeden.nl\/index.php?rest_route=\/wp\/v2\/pages\/30\/revisions\/1035"}],"wp:attachment":[{"href":"https:\/\/avondmuziekuithuizermeeden.nl\/index.php?rest_route=%2Fwp%2Fv2%2Fmedia&parent=30"}],"curies":[{"name":"wp","href":"https:\/\/api.w.org\/{rel}","templated":true}]}}